{"id":366,"date":"2015-03-19T22:27:26","date_gmt":"2015-03-19T22:27:26","guid":{"rendered":"https:\/\/vinyasayoga.mx\/?page_id=366"},"modified":"2025-01-07T18:32:07","modified_gmt":"2025-01-07T18:32:07","slug":"maestros-graduados-de-vy","status":"publish","type":"page","link":"https:\/\/vinyasayoga.mx\/es\/maestros-graduados-de-vy\/","title":{"rendered":"Graduados de VY Vinyasa Yoga"},"content":{"rendered":"<figure class=\"wp-block-image size-large\"><a href=\"https:\/\/vinyasayoga.mx\/wp-content\/uploads\/2023\/11\/DSC09565.jpg\"><img loading=\"lazy\" decoding=\"async\" width=\"1024\" height=\"759\" src=\"https:\/\/vinyasayoga.mx\/wp-content\/uploads\/2023\/11\/DSC09565-1024x759.jpg\" alt=\"\" class=\"wp-image-3038\" srcset=\"https:\/\/vinyasayoga.mx\/wp-content\/uploads\/2023\/11\/DSC09565-1024x759.jpg 1024w, https:\/\/vinyasayoga.mx\/wp-content\/uploads\/2023\/11\/DSC09565-300x222.jpg 300w, https:\/\/vinyasayoga.mx\/wp-content\/uploads\/2023\/11\/DSC09565-768x569.jpg 768w, https:\/\/vinyasayoga.mx\/wp-content\/uploads\/2023\/11\/DSC09565.jpg 1080w\" sizes=\"auto, (max-width: 1024px) 100vw, 1024px\" \/><\/a><\/figure>\n\n\n\n<p><strong><em>Estos son los docentes egresados de nuestros programas:<\/em><\/strong><\/p>\n\n\n\n<p class=\"has-text-align-center has-large-font-size\"><strong>2009<\/strong><\/p>\n\n\n\n<ul class=\"wp-block-list\">\n<li><strong>200 horas TT \u2013 GENERACI\u00d3N I \u2013 Programa Intensivo Monterrey<\/strong>\n<ul class=\"wp-block-list\">\n<li>Laura Bret\u00f3n (1)<\/li>\n<\/ul>\n<\/li>\n<\/ul>\n\n\n\n<figure class=\"wp-block-image size-full\"><a href=\"https:\/\/vinyasayoga.mx\/wp-content\/uploads\/2023\/11\/521389_459792364037487_593463424_n.jpg\"><img loading=\"lazy\" decoding=\"async\" width=\"960\" height=\"720\" src=\"https:\/\/vinyasayoga.mx\/wp-content\/uploads\/2023\/11\/521389_459792364037487_593463424_n.jpg\" alt=\"\" class=\"wp-image-2814\" srcset=\"https:\/\/vinyasayoga.mx\/wp-content\/uploads\/2023\/11\/521389_459792364037487_593463424_n.jpg 960w, https:\/\/vinyasayoga.mx\/wp-content\/uploads\/2023\/11\/521389_459792364037487_593463424_n-300x225.jpg 300w, https:\/\/vinyasayoga.mx\/wp-content\/uploads\/2023\/11\/521389_459792364037487_593463424_n-768x576.jpg 768w\" sizes=\"auto, (max-width: 960px) 100vw, 960px\" \/><\/a><\/figure>\n\n\n\n<ul class=\"wp-block-list\">\n<li><strong>200 horas TT \u2013 GENERACI\u00d3N II \u2013 Programa Intensivo Monterrey<\/strong>\n<ul class=\"wp-block-list\">\n<li>Marina Porras (2)<\/li>\n\n\n\n<li>Alejandra Vidaurri (3)<\/li>\n<\/ul>\n<\/li>\n<\/ul>\n\n\n\n<figure class=\"wp-block-image size-large\"><a href=\"https:\/\/vinyasayoga.mx\/wp-content\/uploads\/2023\/11\/IMG_9868-scaled.jpg\"><img loading=\"lazy\" decoding=\"async\" width=\"1024\" height=\"684\" src=\"https:\/\/vinyasayoga.mx\/wp-content\/uploads\/2023\/11\/IMG_9868-1024x684.jpg\" alt=\"\" class=\"wp-image-2811\" srcset=\"https:\/\/vinyasayoga.mx\/wp-content\/uploads\/2023\/11\/IMG_9868-1024x684.jpg 1024w, https:\/\/vinyasayoga.mx\/wp-content\/uploads\/2023\/11\/IMG_9868-300x200.jpg 300w, https:\/\/vinyasayoga.mx\/wp-content\/uploads\/2023\/11\/IMG_9868-768x513.jpg 768w, https:\/\/vinyasayoga.mx\/wp-content\/uploads\/2023\/11\/IMG_9868-1536x1025.jpg 1536w, https:\/\/vinyasayoga.mx\/wp-content\/uploads\/2023\/11\/IMG_9868-2048x1367.jpg 2048w, https:\/\/vinyasayoga.mx\/wp-content\/uploads\/2023\/11\/IMG_9868-1568x1047.jpg 1568w\" sizes=\"auto, (max-width: 1024px) 100vw, 1024px\" \/><\/a><\/figure>\n\n\n\n<ul class=\"wp-block-list\">\n<li><strong>200 horas TT \u2013 GENERACI\u00d3N III \u2013 Monterrey<\/strong> <strong>Programa intensivo<\/strong>\n<ul class=\"wp-block-list\">\n<li>Anna Klum (4)<\/li>\n<\/ul>\n<\/li>\n<\/ul>\n\n\n\n<figure class=\"wp-block-image size-full\"><a href=\"https:\/\/vinyasayoga.mx\/wp-content\/uploads\/2023\/11\/527702_459794640703926_1952376654_n.jpg\"><img loading=\"lazy\" decoding=\"async\" width=\"960\" height=\"641\" src=\"https:\/\/vinyasayoga.mx\/wp-content\/uploads\/2023\/11\/527702_459794640703926_1952376654_n.jpg\" alt=\"\" class=\"wp-image-2815\" srcset=\"https:\/\/vinyasayoga.mx\/wp-content\/uploads\/2023\/11\/527702_459794640703926_1952376654_n.jpg 960w, https:\/\/vinyasayoga.mx\/wp-content\/uploads\/2023\/11\/527702_459794640703926_1952376654_n-300x200.jpg 300w, https:\/\/vinyasayoga.mx\/wp-content\/uploads\/2023\/11\/527702_459794640703926_1952376654_n-768x513.jpg 768w\" sizes=\"auto, (max-width: 960px) 100vw, 960px\" \/><\/a><\/figure>\n\n\n\n<ul class=\"wp-block-list\">\n<li><strong>200 horas TT \u2013 GENERACI\u00d3N IV \u2013 Monterrey <strong>Intensivo<\/strong>Programa electr\u00f3nico<\/strong>\n<ul class=\"wp-block-list\">\n<li>Alba Anaya (5)<\/li>\n\n\n\n<li>Elba Cruz (6)<\/li>\n\n\n\n<li>Guillermo Espinoza (7)<\/li>\n\n\n\n<li>Nick Woolsey (8)<\/li>\n<\/ul>\n<\/li>\n<\/ul>\n\n\n\n<figure class=\"wp-block-image size-full\"><a href=\"https:\/\/vinyasayoga.mx\/wp-content\/uploads\/2023\/11\/image.png\"><img loading=\"lazy\" decoding=\"async\" width=\"819\" height=\"614\" src=\"https:\/\/vinyasayoga.mx\/wp-content\/uploads\/2023\/11\/image.png\" alt=\"\" class=\"wp-image-2846\" srcset=\"https:\/\/vinyasayoga.mx\/wp-content\/uploads\/2023\/11\/image.png 819w, https:\/\/vinyasayoga.mx\/wp-content\/uploads\/2023\/11\/image-300x225.png 300w, https:\/\/vinyasayoga.mx\/wp-content\/uploads\/2023\/11\/image-768x576.png 768w\" sizes=\"auto, (max-width: 819px) 100vw, 819px\" \/><\/a><\/figure>\n\n\n\n<p class=\"has-text-align-center has-large-font-size\" style=\"line-height:0.4\"><strong>2010<\/strong><\/p>\n\n\n\n<ul class=\"wp-block-list\">\n<li><strong>300 horas <strong>Avanzado <\/strong>TT \u2013 GENERACI\u00d3N I \u2013 <strong>Monterrey <\/strong>Programa intensivo <\/strong>\n<ul class=\"wp-block-list\">\n<li>Marina Porras (1)<\/li>\n\n\n\n<li>Alejandra Vidaurri (2)<\/li>\n<\/ul>\n<\/li>\n<\/ul>\n\n\n\n<figure class=\"wp-block-image\"><img decoding=\"async\" src=\"https:\/\/vinyasayoga.mx\/wp-content\/uploads\/2023\/11\/ATT300-2011-Monterrey-1024x765.jpg\" alt=\"Esta imagen tiene un atributo ALT vac\u00edo; su nombre de archivo es ATT300-2011-Monterrey-1024x765.jpg\"\/><\/figure>\n\n\n\n<ul class=\"wp-block-list\">\n<li><strong>200 horas TT \u2013 GENERACI\u00d3N V \u2013 Monterrey<\/strong> <strong>Programa intensivo<\/strong>\n<ul class=\"wp-block-list\">\n<li>Andr\u00e9s Aguirre (9)<\/li>\n<\/ul>\n<\/li>\n<\/ul>\n\n\n\n<figure class=\"wp-block-image size-full\"><a href=\"https:\/\/vinyasayoga.mx\/wp-content\/uploads\/2023\/11\/image-1.png\"><img loading=\"lazy\" decoding=\"async\" width=\"696\" height=\"614\" src=\"https:\/\/vinyasayoga.mx\/wp-content\/uploads\/2023\/11\/image-1.png\" alt=\"\" class=\"wp-image-2847\" srcset=\"https:\/\/vinyasayoga.mx\/wp-content\/uploads\/2023\/11\/image-1.png 696w, https:\/\/vinyasayoga.mx\/wp-content\/uploads\/2023\/11\/image-1-300x265.png 300w\" sizes=\"auto, (max-width: 696px) 100vw, 696px\" \/><\/a><\/figure>\n\n\n\n<ul class=\"wp-block-list\">\n<li><strong>200 horas TT \u2013 GENERACI\u00d3N VI \u2013 Monterrey <strong>Modular <\/strong>Programa<\/strong>\n<ul class=\"wp-block-list\">\n<li>Lola \u00c1lvarez (10)<\/li>\n\n\n\n<li>Omar Cruz (11)<\/li>\n\n\n\n<li>Gretchel Erhard (12)<\/li>\n\n\n\n<li>Ely Garza (13)<\/li>\n\n\n\n<li>Cynthia Landa (14)<\/li>\n\n\n\n<li>Sof\u00eda Ramos (15)<\/li>\n\n\n\n<li>Fanny Salazar (16)<\/li>\n\n\n\n<li>Mart\u00edn Z\u00e1rate (17)<\/li>\n<\/ul>\n<\/li>\n<\/ul>\n\n\n\n<figure class=\"wp-block-image size-full\"><a href=\"https:\/\/vinyasayoga.mx\/wp-content\/uploads\/2023\/11\/WhatsApp-Image-2023-11-08-at-5.13.56-PM.jpeg\"><img loading=\"lazy\" decoding=\"async\" width=\"640\" height=\"480\" src=\"https:\/\/vinyasayoga.mx\/wp-content\/uploads\/2023\/11\/WhatsApp-Image-2023-11-08-at-5.13.56-PM.jpeg\" alt=\"\" class=\"wp-image-2818\" srcset=\"https:\/\/vinyasayoga.mx\/wp-content\/uploads\/2023\/11\/WhatsApp-Image-2023-11-08-at-5.13.56-PM.jpeg 640w, https:\/\/vinyasayoga.mx\/wp-content\/uploads\/2023\/11\/WhatsApp-Image-2023-11-08-at-5.13.56-PM-300x225.jpeg 300w\" sizes=\"auto, (max-width: 640px) 100vw, 640px\" \/><\/a><\/figure>\n\n\n\n<ul class=\"wp-block-list\">\n<li><strong>200 horas TT \u2013 GENERACI\u00d3N VII \u2013 Monterrey <strong>Intensivo<\/strong> Programa<\/strong>\n<ul class=\"wp-block-list\">\n<li>A\u00edda Calder\u00f3n (18)<\/li>\n\n\n\n<li>Hugo Chan Vegeta (19)<\/li>\n<\/ul>\n<\/li>\n<\/ul>\n\n\n\n\n\n<ul class=\"wp-block-list\">\n<li><strong>200 horas TT \u2013 GENERACI\u00d3N VIII \u2013 Monterrey<\/strong> <strong>Programa Modular<\/strong>\n<ul class=\"wp-block-list\">\n<li>Ver\u00f3nica Flores (20)&nbsp;<\/li>\n\n\n\n<li>Dayana Hadid (21)<\/li>\n\n\n\n<li>Ver\u00f3nica Longoria (22)&nbsp;<\/li>\n\n\n\n<li>Adriana Rojas (23)<\/li>\n\n\n\n<li>Michelle Rosales (24)<\/li>\n\n\n\n<li>Claudia V\u00e1zquez (25)<\/li>\n<\/ul>\n<\/li>\n<\/ul>\n\n\n\n<figure class=\"wp-block-image size-full\"><a href=\"https:\/\/vinyasayoga.mx\/wp-content\/uploads\/2023\/11\/TT200-2011-1-Monterrey.jpg\"><img loading=\"lazy\" decoding=\"async\" width=\"640\" height=\"480\" src=\"https:\/\/vinyasayoga.mx\/wp-content\/uploads\/2023\/11\/TT200-2011-1-Monterrey.jpg\" alt=\"\" class=\"wp-image-2793\" srcset=\"https:\/\/vinyasayoga.mx\/wp-content\/uploads\/2023\/11\/TT200-2011-1-Monterrey.jpg 640w, https:\/\/vinyasayoga.mx\/wp-content\/uploads\/2023\/11\/TT200-2011-1-Monterrey-300x225.jpg 300w\" sizes=\"auto, (max-width: 640px) 100vw, 640px\" \/><\/a><\/figure>\n\n\n\n<ul class=\"wp-block-list\">\n<li><strong>200 horas \u2013 GENERACI\u00d3N IX \u2013 Monterrey <strong>Intensivo<\/strong>Programa electr\u00f3nico<\/strong>\n<ul class=\"wp-block-list\">\n<li>Karla Guerrero (26)<\/li>\n\n\n\n<li>Bernardo Guti\u00e9rrez (27)&nbsp;<\/li>\n\n\n\n<li>Charlie Mart\u00ednez (28)&nbsp;<\/li>\n<\/ul>\n<\/li>\n<\/ul>\n\n\n\n\n\n<p class=\"has-text-align-center has-large-font-size\"><strong>2011<\/strong><\/p>\n\n\n\n<ul class=\"wp-block-list\">\n<li><strong>200 horas TT \u2013 GENERACI\u00d3N X \u2013 Monterrey <strong>Modular<\/strong> Programa<\/strong>\n<ul class=\"wp-block-list\">\n<li>Jessica Arizpe (29)<\/li>\n\n\n\n<li>Roberto De Alba (30)<\/li>\n\n\n\n<li>Antonio Galv\u00e1n (31)<\/li>\n\n\n\n<li>Brenda Luna (32)<\/li>\n\n\n\n<li>Brenda Medina (33)<\/li>\n\n\n\n<li>Mariana Rodr\u00edguez (34)&nbsp;<\/li>\n\n\n\n<li>Rub\u00e9n Rodr\u00edguez (35)<\/li>\n\n\n\n<li>Alicia Santillana (36)<\/li>\n\n\n\n<li>Silvia Trava (37)<\/li>\n\n\n\n<li>Karla Trevi\u00f1o (38)<\/li>\n\n\n\n<li>Nadia Uribe (39)<\/li>\n<\/ul>\n<\/li>\n<\/ul>\n\n\n\n<figure class=\"wp-block-image size-full\"><a href=\"https:\/\/vinyasayoga.mx\/wp-content\/uploads\/2023\/11\/TT200-2011-2-Monterrey.jpg\"><img loading=\"lazy\" decoding=\"async\" width=\"720\" height=\"540\" src=\"https:\/\/vinyasayoga.mx\/wp-content\/uploads\/2023\/11\/TT200-2011-2-Monterrey.jpg\" alt=\"\" class=\"wp-image-2794\" srcset=\"https:\/\/vinyasayoga.mx\/wp-content\/uploads\/2023\/11\/TT200-2011-2-Monterrey.jpg 720w, https:\/\/vinyasayoga.mx\/wp-content\/uploads\/2023\/11\/TT200-2011-2-Monterrey-300x225.jpg 300w\" sizes=\"auto, (max-width: 720px) 100vw, 720px\" \/><\/a><\/figure>\n\n\n\n<ul class=\"wp-block-list\">\n<li><strong>300 horas <strong>Avanzado <\/strong>TT \u2013 GENERACI\u00d3N II \u2013 San Luis R\u00edo Colorado <strong><strong>Modular <\/strong><\/strong>Programa<\/strong>\n<ul class=\"wp-block-list\">\n<li>Elba Cruz (3)<\/li>\n<\/ul>\n<\/li>\n\n\n\n<li><strong>200 horas TT \u2013 GENERACI\u00d3N XI \u2013 San Luis R\u00edo Colorado<\/strong> <strong><strong><strong>Modular <\/strong><\/strong>Programa<\/strong>\n<ul class=\"wp-block-list\">\n<li>Annel Cort\u00e9s (40)<\/li>\n\n\n\n<li>Claudia Covarrubias (41)&nbsp;<\/li>\n\n\n\n<li>Zobeida Haro (42)<\/li>\n\n\n\n<li>Briceida L\u00f3pez (43)<\/li>\n\n\n\n<li>Elga Monroy (44)<\/li>\n\n\n\n<li>Carlos Mosqueira (45)<\/li>\n\n\n\n<li>Felicha Parra (46)<\/li>\n\n\n\n<li>Alma Lorenia Saavedra (47)<\/li>\n\n\n\n<li>Jocelyn Santoyo (48)<\/li>\n<\/ul>\n<\/li>\n<\/ul>\n\n\n\n<figure class=\"wp-block-image size-full\"><a href=\"https:\/\/vinyasayoga.mx\/wp-content\/uploads\/2023\/11\/480608_498264366856953_1212238208_n.jpg\"><img loading=\"lazy\" decoding=\"async\" width=\"960\" height=\"720\" src=\"https:\/\/vinyasayoga.mx\/wp-content\/uploads\/2023\/11\/480608_498264366856953_1212238208_n.jpg\" alt=\"\" class=\"wp-image-2819\" srcset=\"https:\/\/vinyasayoga.mx\/wp-content\/uploads\/2023\/11\/480608_498264366856953_1212238208_n.jpg 960w, https:\/\/vinyasayoga.mx\/wp-content\/uploads\/2023\/11\/480608_498264366856953_1212238208_n-300x225.jpg 300w, https:\/\/vinyasayoga.mx\/wp-content\/uploads\/2023\/11\/480608_498264366856953_1212238208_n-768x576.jpg 768w\" sizes=\"auto, (max-width: 960px) 100vw, 960px\" \/><\/a><\/figure>\n\n\n\n<p class=\"has-text-align-center has-large-font-size\"><strong>2012<\/strong><\/p>\n\n\n\n<ul class=\"wp-block-list\">\n<li><strong>300 horas <strong>Avanzado <\/strong>TT \u2013 GENERACI\u00d3N III \u2013 Monterrey<\/strong> <strong><strong><strong>Modular <\/strong><\/strong>Programa<\/strong>\n<ul class=\"wp-block-list\">\n<li>Silvia Trava (4)<\/li>\n<\/ul>\n<\/li>\n\n\n\n<li><strong>200 horas TT \u2013 GENERACI\u00d3N XII \u2013 Monterrey<\/strong> <strong><strong><strong>Modular <\/strong><\/strong>Programa<\/strong>\n<ul class=\"wp-block-list\">\n<li>Katia \u00c1lvarez (49)<\/li>\n\n\n\n<li>Mayra Cant\u00fa (50)<\/li>\n\n\n\n<li>Mayda Charles (51)<\/li>\n\n\n\n<li>Priscila Garza (52)<\/li>\n\n\n\n<li>Salvador Garza (53)<\/li>\n\n\n\n<li>Ana Cecilia Gonz\u00e1lez (54)<\/li>\n\n\n\n<li>Nahyeli Malag\u00f3n (55)<\/li>\n\n\n\n<li>Daniela Montemayor (56)<\/li>\n\n\n\n<li>Vanessa P\u00e1ez (57)<\/li>\n\n\n\n<li>Breny Ram\u00edrez (58)<\/li>\n\n\n\n<li>Deneb Talamantes (59)<\/li>\n\n\n\n<li>Vhana Trejo (60)<\/li>\n\n\n\n<li>\u00c1ngel Ulloa (61)<\/li>\n\n\n\n<li>Nora Villalobos (62)<\/li>\n<\/ul>\n<\/li>\n<\/ul>\n\n\n\n<figure class=\"wp-block-image size-full\"><a href=\"https:\/\/vinyasayoga.mx\/wp-content\/uploads\/2023\/11\/TT200-2012-1-Monterrey.jpg\"><img loading=\"lazy\" decoding=\"async\" width=\"960\" height=\"720\" src=\"https:\/\/vinyasayoga.mx\/wp-content\/uploads\/2023\/11\/TT200-2012-1-Monterrey.jpg\" alt=\"\" class=\"wp-image-2795\" srcset=\"https:\/\/vinyasayoga.mx\/wp-content\/uploads\/2023\/11\/TT200-2012-1-Monterrey.jpg 960w, https:\/\/vinyasayoga.mx\/wp-content\/uploads\/2023\/11\/TT200-2012-1-Monterrey-300x225.jpg 300w, https:\/\/vinyasayoga.mx\/wp-content\/uploads\/2023\/11\/TT200-2012-1-Monterrey-768x576.jpg 768w\" sizes=\"auto, (max-width: 960px) 100vw, 960px\" \/><\/a><\/figure>\n\n\n\n<ul class=\"wp-block-list\">\n<li><strong>300 horas <strong>Avanzado <\/strong>TT \u2013 GENERACI\u00d3N IV \u2013 Monterrey <strong><strong><strong>Modular <\/strong><\/strong>Programa<\/strong><\/strong>\n<ul class=\"wp-block-list\">\n<li>Michelle Rosales (5)<\/li>\n<\/ul>\n<\/li>\n\n\n\n<li><strong>200 horas TT \u2013 GENERACI\u00d3N XIII \u2013 Monterrey<\/strong> <strong><strong><strong>Modular <\/strong><\/strong>Programa<\/strong>\n<ul class=\"wp-block-list\">\n<li>Alejandra Alejandro (63)<\/li>\n\n\n\n<li>Fabiola Arredondo (64)&nbsp;<\/li>\n\n\n\n<li>Lucho Barajas (65)<\/li>\n\n\n\n<li>Alejandra Cant\u00fa (66)<\/li>\n\n\n\n<li>Guillermo Cervantes (67)<\/li>\n\n\n\n<li>Carmen Ch\u00e1vez (68)<\/li>\n\n\n\n<li>Itzel Cristi\u00e1 (69)<\/li>\n\n\n\n<li>Ciro Mart\u00ednez (70)<\/li>\n\n\n\n<li>Yasm\u00edn Meneses (71)<\/li>\n\n\n\n<li>Ximena Reyes (72)<\/li>\n\n\n\n<li>Adriana Sanrom\u00e1n (73)<\/li>\n\n\n\n<li>Carolina Solar (74)<\/li>\n<\/ul>\n<\/li>\n<\/ul>\n\n\n\n<figure class=\"wp-block-image size-full\"><a href=\"https:\/\/vinyasayoga.mx\/wp-content\/uploads\/2023\/11\/TT200-2012-2-Monterrey.jpg\"><img loading=\"lazy\" decoding=\"async\" width=\"960\" height=\"720\" src=\"https:\/\/vinyasayoga.mx\/wp-content\/uploads\/2023\/11\/TT200-2012-2-Monterrey.jpg\" alt=\"\" class=\"wp-image-2796\" srcset=\"https:\/\/vinyasayoga.mx\/wp-content\/uploads\/2023\/11\/TT200-2012-2-Monterrey.jpg 960w, https:\/\/vinyasayoga.mx\/wp-content\/uploads\/2023\/11\/TT200-2012-2-Monterrey-300x225.jpg 300w, https:\/\/vinyasayoga.mx\/wp-content\/uploads\/2023\/11\/TT200-2012-2-Monterrey-768x576.jpg 768w\" sizes=\"auto, (max-width: 960px) 100vw, 960px\" \/><\/a><\/figure>\n\n\n\n<p class=\"has-text-align-center has-large-font-size\"><strong>2013<\/strong><\/p>\n\n\n\n<ul class=\"wp-block-list\">\n<li><strong>200 horas TT \u2013 GENERACI\u00d3N XIV \u2013 Monterrey<\/strong> <strong><strong><strong>Modular <\/strong><\/strong>Programa<\/strong>\n<ul class=\"wp-block-list\">\n<li>Anabell Berlanga (75)<\/li>\n\n\n\n<li>Claudia Cano (76)<\/li>\n\n\n\n<li>Charlotte Debilly (77)<\/li>\n\n\n\n<li>Catalina Garza (78)<\/li>\n\n\n\n<li>Beatriz L\u00f3pez (79)<\/li>\n\n\n\n<li>Hilda Madrazo (80)<\/li>\n\n\n\n<li>Olga Minor (81)<\/li>\n\n\n\n<li>Alondra Neira (82)<\/li>\n\n\n\n<li>Citlalli Quintanilla (83)&nbsp;<\/li>\n\n\n\n<li>M\u00f3nica Ram\u00edrez (84)<\/li>\n<\/ul>\n<\/li>\n<\/ul>\n\n\n\n<figure class=\"wp-block-image size-full\"><a href=\"https:\/\/vinyasayoga.mx\/wp-content\/uploads\/2023\/11\/TT200-2013-1-Monterrey-1.jpg\"><img loading=\"lazy\" decoding=\"async\" width=\"612\" height=\"612\" src=\"https:\/\/vinyasayoga.mx\/wp-content\/uploads\/2023\/11\/TT200-2013-1-Monterrey-1.jpg\" alt=\"\" class=\"wp-image-2798\" srcset=\"https:\/\/vinyasayoga.mx\/wp-content\/uploads\/2023\/11\/TT200-2013-1-Monterrey-1.jpg 612w, https:\/\/vinyasayoga.mx\/wp-content\/uploads\/2023\/11\/TT200-2013-1-Monterrey-1-300x300.jpg 300w, https:\/\/vinyasayoga.mx\/wp-content\/uploads\/2023\/11\/TT200-2013-1-Monterrey-1-150x150.jpg 150w\" sizes=\"auto, (max-width: 612px) 100vw, 612px\" \/><\/a><\/figure>\n\n\n\n<ul class=\"wp-block-list\">\n<li><strong>200 horas TT \u2013 GENERACI\u00d3N XV \u2013 Monterrey<\/strong> <strong><strong><strong>Modular <\/strong><\/strong>Programa<\/strong>\n<ul class=\"wp-block-list\">\n<li>Alejandra Ceballos De Isla (85)<\/li>\n\n\n\n<li>Diana Elizondo (86)<\/li>\n\n\n\n<li>Nereyda Mart\u00ednez (87)<\/li>\n<\/ul>\n<\/li>\n<\/ul>\n\n\n\n<figure class=\"wp-block-image size-full\"><a href=\"https:\/\/vinyasayoga.mx\/wp-content\/uploads\/2023\/11\/TT200-2013-3-Monterrey.jpeg\"><img loading=\"lazy\" decoding=\"async\" width=\"720\" height=\"533\" src=\"https:\/\/vinyasayoga.mx\/wp-content\/uploads\/2023\/11\/TT200-2013-3-Monterrey.jpeg\" alt=\"\" class=\"wp-image-3049\" srcset=\"https:\/\/vinyasayoga.mx\/wp-content\/uploads\/2023\/11\/TT200-2013-3-Monterrey.jpeg 720w, https:\/\/vinyasayoga.mx\/wp-content\/uploads\/2023\/11\/TT200-2013-3-Monterrey-300x222.jpeg 300w\" sizes=\"auto, (max-width: 720px) 100vw, 720px\" \/><\/a><\/figure>\n\n\n\n<ul class=\"wp-block-list\">\n<li><strong>200 horas TT \u2013 GENERACI\u00d3N XVI \u2013 San Luis R<strong>i<\/strong>o Colorado<\/strong> <strong><strong><strong>Intensivo <\/strong><\/strong>Programa<\/strong>\n<ul class=\"wp-block-list\">\n<li>Marcela Camarillo (88)&nbsp;<\/li>\n\n\n\n<li>Guijarros Cota (89)<\/li>\n\n\n\n<li>Sorangel G\u00f3mez (90)<\/li>\n\n\n\n<li>Karla Pacheco (91)<\/li>\n<\/ul>\n<\/li>\n<\/ul>\n\n\n\n<figure class=\"wp-block-image size-full\"><a href=\"https:\/\/vinyasayoga.mx\/wp-content\/uploads\/2023\/11\/TT200-2013-SLRC.jpeg\"><img loading=\"lazy\" decoding=\"async\" width=\"720\" height=\"579\" src=\"https:\/\/vinyasayoga.mx\/wp-content\/uploads\/2023\/11\/TT200-2013-SLRC.jpeg\" alt=\"\" class=\"wp-image-3050\" srcset=\"https:\/\/vinyasayoga.mx\/wp-content\/uploads\/2023\/11\/TT200-2013-SLRC.jpeg 720w, https:\/\/vinyasayoga.mx\/wp-content\/uploads\/2023\/11\/TT200-2013-SLRC-300x241.jpeg 300w\" sizes=\"auto, (max-width: 720px) 100vw, 720px\" \/><\/a><\/figure>\n\n\n\n<ul class=\"wp-block-list\">\n<li><strong>200 horas TT \u2013 GENERACI\u00d3N XVII \u2013 Monterrey Intensivo<\/strong>mi<strong><strong><strong> <\/strong><\/strong>Programa<\/strong>\n<ul class=\"wp-block-list\">\n<li>Alicia Fern\u00e1ndez (92)<\/li>\n\n\n\n<li>Luis Flores (93)&nbsp;<\/li>\n\n\n\n<li>Izett Nava (94)<\/li>\n\n\n\n<li>Georgina Ni\u00f1o (95)<\/li>\n<\/ul>\n<\/li>\n<\/ul>\n\n\n\n<figure class=\"wp-block-image size-large\"><a href=\"https:\/\/vinyasayoga.mx\/wp-content\/uploads\/2023\/11\/1052695_670644809618907_2064698374_o.jpg\"><img loading=\"lazy\" decoding=\"async\" width=\"1024\" height=\"768\" src=\"https:\/\/vinyasayoga.mx\/wp-content\/uploads\/2023\/11\/1052695_670644809618907_2064698374_o-1024x768.jpg\" alt=\"\" class=\"wp-image-2821\" srcset=\"https:\/\/vinyasayoga.mx\/wp-content\/uploads\/2023\/11\/1052695_670644809618907_2064698374_o-1024x768.jpg 1024w, https:\/\/vinyasayoga.mx\/wp-content\/uploads\/2023\/11\/1052695_670644809618907_2064698374_o-300x225.jpg 300w, https:\/\/vinyasayoga.mx\/wp-content\/uploads\/2023\/11\/1052695_670644809618907_2064698374_o-768x576.jpg 768w, https:\/\/vinyasayoga.mx\/wp-content\/uploads\/2023\/11\/1052695_670644809618907_2064698374_o-1536x1152.jpg 1536w, https:\/\/vinyasayoga.mx\/wp-content\/uploads\/2023\/11\/1052695_670644809618907_2064698374_o-1568x1176.jpg 1568w, https:\/\/vinyasayoga.mx\/wp-content\/uploads\/2023\/11\/1052695_670644809618907_2064698374_o.jpg 2048w\" sizes=\"auto, (max-width: 1024px) 100vw, 1024px\" \/><\/a><\/figure>\n\n\n\n<ul class=\"wp-block-list\">\n<li><strong>300 horas <strong>Avanzado <\/strong>TT \u2013 GENERACI\u00d3N V \u2013 Monterrey <strong><strong>Modular <\/strong><\/strong>Programa<\/strong>\n<ul class=\"wp-block-list\">\n<li>Fabiola Arredondo (6)<\/li>\n\n\n\n<li>Ximena Reyes (7)<\/li>\n<\/ul>\n<\/li>\n\n\n\n<li><strong>200 horas TT \u2013 GENERACI\u00d3N XVIII \u2013 Monterrey<\/strong> <strong><strong><strong>Modular <\/strong><\/strong>Programa<\/strong>\n<ul class=\"wp-block-list\">\n<li>Walter C\u00e1rdenas (96)<\/li>\n\n\n\n<li>Ludivina Gonz\u00e1lez (97)<\/li>\n\n\n\n<li>Cinthya Ju\u00e1rez (98)<\/li>\n\n\n\n<li>David Ram\u00edrez (99)<\/li>\n\n\n\n<li>Ver\u00f3nica Trevi\u00f1o (100)<\/li>\n\n\n\n<li>Fernando Valle (101)<\/li>\n<\/ul>\n<\/li>\n<\/ul>\n\n\n\n<figure class=\"wp-block-image size-large\"><a href=\"https:\/\/vinyasayoga.mx\/wp-content\/uploads\/2023\/11\/TT200-2013-2-Monterrey.jpg\"><img loading=\"lazy\" decoding=\"async\" width=\"1024\" height=\"768\" src=\"https:\/\/vinyasayoga.mx\/wp-content\/uploads\/2023\/11\/TT200-2013-2-Monterrey-1024x768.jpg\" alt=\"\" class=\"wp-image-2799\" srcset=\"https:\/\/vinyasayoga.mx\/wp-content\/uploads\/2023\/11\/TT200-2013-2-Monterrey-1024x768.jpg 1024w, https:\/\/vinyasayoga.mx\/wp-content\/uploads\/2023\/11\/TT200-2013-2-Monterrey-300x225.jpg 300w, https:\/\/vinyasayoga.mx\/wp-content\/uploads\/2023\/11\/TT200-2013-2-Monterrey-768x576.jpg 768w, https:\/\/vinyasayoga.mx\/wp-content\/uploads\/2023\/11\/TT200-2013-2-Monterrey-1536x1152.jpg 1536w, https:\/\/vinyasayoga.mx\/wp-content\/uploads\/2023\/11\/TT200-2013-2-Monterrey-1568x1176.jpg 1568w, https:\/\/vinyasayoga.mx\/wp-content\/uploads\/2023\/11\/TT200-2013-2-Monterrey.jpg 2048w\" sizes=\"auto, (max-width: 1024px) 100vw, 1024px\" \/><\/a><\/figure>\n\n\n\n<ul class=\"wp-block-list\">\n<li><strong>300 horas <strong>Avanzado <\/strong>TT \u2013 GENERACI\u00d3N VI \u2013 Programa Modular Guadalajara<\/strong>\n<ul class=\"wp-block-list\">\n<li>Georgina Ni\u00f1o (8)<\/li>\n<\/ul>\n<\/li>\n\n\n\n<li><strong><strong><strong><strong>200 horas TT \u2013 GENERACI\u00d3N XIX \u2013 Guadalajara<\/strong> <strong>Programa Modular<\/strong><\/strong><\/strong><\/strong>\n<ul class=\"wp-block-list\">\n<li>Cristina Huerta (102)<\/li>\n\n\n\n<li>Cristina Mart\u00ednez (103)<\/li>\n\n\n\n<li>Sergio Cort\u00e9s (104)<\/li>\n\n\n\n<li>Ana\u00eds Torres (105)<\/li>\n<\/ul>\n<\/li>\n<\/ul>\n\n\n\n<figure class=\"wp-block-image size-large\"><a href=\"https:\/\/vinyasayoga.mx\/wp-content\/uploads\/2023\/11\/1932592_827471997269520_1087694724_o.jpg\"><img loading=\"lazy\" decoding=\"async\" width=\"1024\" height=\"576\" src=\"https:\/\/vinyasayoga.mx\/wp-content\/uploads\/2023\/11\/1932592_827471997269520_1087694724_o-1024x576.jpg\" alt=\"\" class=\"wp-image-2834\" srcset=\"https:\/\/vinyasayoga.mx\/wp-content\/uploads\/2023\/11\/1932592_827471997269520_1087694724_o-1024x576.jpg 1024w, https:\/\/vinyasayoga.mx\/wp-content\/uploads\/2023\/11\/1932592_827471997269520_1087694724_o-300x169.jpg 300w, https:\/\/vinyasayoga.mx\/wp-content\/uploads\/2023\/11\/1932592_827471997269520_1087694724_o-768x432.jpg 768w, https:\/\/vinyasayoga.mx\/wp-content\/uploads\/2023\/11\/1932592_827471997269520_1087694724_o-1536x864.jpg 1536w, https:\/\/vinyasayoga.mx\/wp-content\/uploads\/2023\/11\/1932592_827471997269520_1087694724_o-1568x882.jpg 1568w, https:\/\/vinyasayoga.mx\/wp-content\/uploads\/2023\/11\/1932592_827471997269520_1087694724_o.jpg 2048w\" sizes=\"auto, (max-width: 1024px) 100vw, 1024px\" \/><\/a><\/figure>\n\n\n\n<p class=\"has-text-align-center has-large-font-size\"><strong>2014<\/strong><\/p>\n\n\n\n<ul class=\"wp-block-list\">\n<li><strong><strong><strong>200 horas TT \u2013 GENERACI\u00d3N XX \u2013 Monterrey<\/strong> <strong>Programa Modular<\/strong><\/strong><\/strong> \n<ul class=\"wp-block-list\">\n<li>Estefan\u00eda Esquivel (106)<\/li>\n\n\n\n<li>Alejandra Fonseca (107)<\/li>\n\n\n\n<li>Ignacio Garc\u00eda (108)<\/li>\n\n\n\n<li>Gabriela Garza Laguera (109)<\/li>\n\n\n\n<li>Nadia Gonz\u00e1lez (110)<\/li>\n\n\n\n<li>P\u00eda Leal (111)<\/li>\n\n\n\n<li>Montserrat Maturana (112)<\/li>\n\n\n\n<li>Alejandra Montemayor (113)<\/li>\n\n\n\n<li>Raquel Motola (114)<\/li>\n\n\n\n<li>Sara Robledo (115)<\/li>\n\n\n\n<li>Gabriela Sada (116)<\/li>\n\n\n\n<li>Alma Trevi\u00f1o (117)<\/li>\n<\/ul>\n<\/li>\n<\/ul>\n\n\n\n\n\n<ul class=\"wp-block-list\">\n<li><strong>200 horas TT \u2013 GENERACI\u00d3N XXI \u2013 Programa Intensivo Baja California Sur<\/strong>\n<ul class=\"wp-block-list\">\n<li>Francisca Ahumada (118)<\/li>\n\n\n\n<li>Bayoni B\u00f3rquez (119)<\/li>\n\n\n\n<li>Cintia Elisa Cota (120)<\/li>\n\n\n\n<li>Abigail Marshall (121)<\/li>\n\n\n\n<li>Yulia Melnik (122)<\/li>\n\n\n\n<li>Erika Nakauma (123)<\/li>\n\n\n\n<li>Mar\u00eda Powell (124)<\/li>\n\n\n\n<li>Cossette Qui\u00f1ones (125)<\/li>\n<\/ul>\n<\/li>\n<\/ul>\n\n\n\n<figure class=\"wp-block-image size-full\"><a href=\"https:\/\/vinyasayoga.mx\/wp-content\/uploads\/2023\/11\/image-3.png\"><img loading=\"lazy\" decoding=\"async\" width=\"986\" height=\"986\" src=\"https:\/\/vinyasayoga.mx\/wp-content\/uploads\/2023\/11\/image-3.png\" alt=\"\" class=\"wp-image-2861\" srcset=\"https:\/\/vinyasayoga.mx\/wp-content\/uploads\/2023\/11\/image-3.png 986w, https:\/\/vinyasayoga.mx\/wp-content\/uploads\/2023\/11\/image-3-300x300.png 300w, https:\/\/vinyasayoga.mx\/wp-content\/uploads\/2023\/11\/image-3-150x150.png 150w, https:\/\/vinyasayoga.mx\/wp-content\/uploads\/2023\/11\/image-3-768x768.png 768w\" sizes=\"auto, (max-width: 986px) 100vw, 986px\" \/><\/a><\/figure>\n\n\n\n<ul class=\"wp-block-list\">\n<li><strong><strong><strong>200 horas TT \u2013 GENERACI\u00d3N XXII \u2013 Xalapa<\/strong> <strong>Programa Modular<\/strong><\/strong><\/strong>\n<ul class=\"wp-block-list\">\n<li>M\u00f3nica \u00c1valos (126)<\/li>\n\n\n\n<li>Lourdes Cerrillo (127)<\/li>\n\n\n\n<li>\u00darsula Delgado (128)<\/li>\n\n\n\n<li>Claudia Fern\u00e1ndez (129)<\/li>\n\n\n\n<li>Paulina Jim\u00e9nez (130)<\/li>\n\n\n\n<li>Graciela Mart\u00ednez (131)<\/li>\n\n\n\n<li>Marijose Palmeros (132)<\/li>\n\n\n\n<li>Lourdes Prieto (133)<\/li>\n\n\n\n<li>Pamela Salas (134)<\/li>\n<\/ul>\n<\/li>\n<\/ul>\n\n\n\n<figure class=\"wp-block-image size-large\"><a href=\"https:\/\/vinyasayoga.mx\/wp-content\/uploads\/2023\/11\/20141122_184841.jpg\"><img loading=\"lazy\" decoding=\"async\" width=\"1024\" height=\"576\" src=\"https:\/\/vinyasayoga.mx\/wp-content\/uploads\/2023\/11\/20141122_184841-1024x576.jpg\" alt=\"\" class=\"wp-image-2830\" srcset=\"https:\/\/vinyasayoga.mx\/wp-content\/uploads\/2023\/11\/20141122_184841-1024x576.jpg 1024w, https:\/\/vinyasayoga.mx\/wp-content\/uploads\/2023\/11\/20141122_184841-300x169.jpg 300w, https:\/\/vinyasayoga.mx\/wp-content\/uploads\/2023\/11\/20141122_184841-768x432.jpg 768w, https:\/\/vinyasayoga.mx\/wp-content\/uploads\/2023\/11\/20141122_184841.jpg 1168w\" sizes=\"auto, (max-width: 1024px) 100vw, 1024px\" \/><\/a><\/figure>\n\n\n\n<ul class=\"wp-block-list\">\n<li><strong><strong><strong>200 horas TT \u2013 GENERACI\u00d3N XXIII \u2013 Monterrey<\/strong> <strong>Programa Modular<\/strong><\/strong><\/strong>\n<ul class=\"wp-block-list\">\n<li>Yisell Aceves (135)<\/li>\n\n\n\n<li>Valeria Alvarado (136)&nbsp;<\/li>\n\n\n\n<li>Gyslesly B\u00e1ez (137)<\/li>\n\n\n\n<li>Esmeralda Campos (138)<\/li>\n\n\n\n<li>Priscila Gonz\u00e1lez (139)<\/li>\n\n\n\n<li>Kita Huerta (140)<\/li>\n\n\n\n<li>Cynthia Mendoza (141)<\/li>\n\n\n\n<li>Claudia Mi\u00f1arro (142)<\/li>\n\n\n\n<li>Armando Santos (143)<\/li>\n\n\n\n<li>Roc\u00edo Zamacona (144)<\/li>\n<\/ul>\n<\/li>\n<\/ul>\n\n\n\n<figure class=\"wp-block-image size-full\"><a href=\"https:\/\/vinyasayoga.mx\/wp-content\/uploads\/2023\/11\/TT200-2014-Monterrey.jpg\"><img loading=\"lazy\" decoding=\"async\" width=\"960\" height=\"640\" src=\"https:\/\/vinyasayoga.mx\/wp-content\/uploads\/2023\/11\/TT200-2014-Monterrey.jpg\" alt=\"\" class=\"wp-image-2800\" srcset=\"https:\/\/vinyasayoga.mx\/wp-content\/uploads\/2023\/11\/TT200-2014-Monterrey.jpg 960w, https:\/\/vinyasayoga.mx\/wp-content\/uploads\/2023\/11\/TT200-2014-Monterrey-300x200.jpg 300w, https:\/\/vinyasayoga.mx\/wp-content\/uploads\/2023\/11\/TT200-2014-Monterrey-768x512.jpg 768w\" sizes=\"auto, (max-width: 960px) 100vw, 960px\" \/><\/a><\/figure>\n\n\n\n<ul class=\"wp-block-list\">\n<li><strong>300 horas <strong>Avanzado <\/strong>TT \u2013 GENERACI\u00d3N VII \u2013 <strong>San Luis R\u00edo Colorado \/ Mexicali<\/strong> Modular <\/strong> <strong>Programa<\/strong>\n<ul class=\"wp-block-list\">\n<li>Annel Cortes (10)<\/li>\n\n\n\n<li>Yasm\u00edn Meneses (11)<\/li>\n<\/ul>\n<\/li>\n\n\n\n<li><strong><strong><strong><strong>200 horas TT \u2013 GENERACI\u00d3N XXIV \u2013 <strong>San Luis R\u00edo Colorado \/ Mexicali<\/strong><\/strong> <strong>Programa Modular<\/strong><\/strong><\/strong><\/strong>\n<ul class=\"wp-block-list\">\n<li>Evaly Andrade (145)<\/li>\n\n\n\n<li>Susana Ag\u00fandez (146)<\/li>\n\n\n\n<li>Marian Boj\u00f3rquez (147)<\/li>\n\n\n\n<li>Ana Eliseo (148)<\/li>\n\n\n\n<li>Guadalupe Gallego (149)<\/li>\n\n\n\n<li>Eveline Mexia (150)<\/li>\n\n\n\n<li>Valeria Quiroz (151)<\/li>\n\n\n\n<li>Gabriela Topete (152)<\/li>\n<\/ul>\n<\/li>\n<\/ul>\n\n\n\n<figure class=\"wp-block-image size-full\"><a href=\"https:\/\/vinyasayoga.mx\/wp-content\/uploads\/2023\/11\/TT200-2014-SLRC.jpg\"><img loading=\"lazy\" decoding=\"async\" width=\"852\" height=\"640\" src=\"https:\/\/vinyasayoga.mx\/wp-content\/uploads\/2023\/11\/TT200-2014-SLRC.jpg\" alt=\"\" class=\"wp-image-2801\" srcset=\"https:\/\/vinyasayoga.mx\/wp-content\/uploads\/2023\/11\/TT200-2014-SLRC.jpg 852w, https:\/\/vinyasayoga.mx\/wp-content\/uploads\/2023\/11\/TT200-2014-SLRC-300x225.jpg 300w, https:\/\/vinyasayoga.mx\/wp-content\/uploads\/2023\/11\/TT200-2014-SLRC-768x577.jpg 768w\" sizes=\"auto, (max-width: 852px) 100vw, 852px\" \/><\/a><\/figure>\n\n\n\n<ul class=\"wp-block-list\">\n<li><strong><strong><strong><strong>200 horas TT \u2013 GENERACI\u00d3N XXV \u2013 Monterrey<\/strong> <strong>Programa intensivo<\/strong><\/strong><\/strong><\/strong>\n<ul class=\"wp-block-list\">\n<li>Cecilia Alcaraz (153)<\/li>\n\n\n\n<li>Andrea Garza (154)<\/li>\n<\/ul>\n<\/li>\n<\/ul>\n\n\n\n<figure class=\"wp-block-image size-large\"><a href=\"https:\/\/vinyasayoga.mx\/wp-content\/uploads\/2023\/11\/20141204_203446.jpg\"><img loading=\"lazy\" decoding=\"async\" width=\"1024\" height=\"576\" src=\"https:\/\/vinyasayoga.mx\/wp-content\/uploads\/2023\/11\/20141204_203446-1024x576.jpg\" alt=\"\" class=\"wp-image-2827\" srcset=\"https:\/\/vinyasayoga.mx\/wp-content\/uploads\/2023\/11\/20141204_203446-1024x576.jpg 1024w, https:\/\/vinyasayoga.mx\/wp-content\/uploads\/2023\/11\/20141204_203446-300x169.jpg 300w, https:\/\/vinyasayoga.mx\/wp-content\/uploads\/2023\/11\/20141204_203446-768x432.jpg 768w, https:\/\/vinyasayoga.mx\/wp-content\/uploads\/2023\/11\/20141204_203446.jpg 1168w\" sizes=\"auto, (max-width: 1024px) 100vw, 1024px\" \/><\/a><\/figure>\n\n\n\n<p class=\"has-text-align-center has-large-font-size\"><strong>2015<\/strong><\/p>\n\n\n\n<ul class=\"wp-block-list\">\n<li><strong><strong><strong><strong><strong>200 horas TT \u2013 GENERACI\u00d3N XXVI \u2013 <strong>Puerto Pe\u00f1asco<\/strong><\/strong> <strong>Programa intensivo<\/strong><\/strong><\/strong><\/strong><\/strong>\n<ul class=\"wp-block-list\">\n<li>Paulina Capiz (155)<\/li>\n\n\n\n<li>Dayana Garc\u00eda (156)<\/li>\n\n\n\n<li>Samara Palacio (157)<\/li>\n\n\n\n<li>Ana Robles (158)<\/li>\n\n\n\n<li>Gabriela Zepeda (159)<\/li>\n<\/ul>\n<\/li>\n<\/ul>\n\n\n\n<figure class=\"wp-block-image size-full\"><a href=\"https:\/\/vinyasayoga.mx\/wp-content\/uploads\/2023\/11\/20150704_144004.jpg\"><img loading=\"lazy\" decoding=\"async\" width=\"493\" height=\"657\" src=\"https:\/\/vinyasayoga.mx\/wp-content\/uploads\/2023\/11\/20150704_144004.jpg\" alt=\"\" class=\"wp-image-2841\" srcset=\"https:\/\/vinyasayoga.mx\/wp-content\/uploads\/2023\/11\/20150704_144004.jpg 493w, https:\/\/vinyasayoga.mx\/wp-content\/uploads\/2023\/11\/20150704_144004-225x300.jpg 225w\" sizes=\"auto, (max-width: 493px) 100vw, 493px\" \/><\/a><\/figure>\n\n\n\n<ul class=\"wp-block-list\">\n<li><strong>300 horas <strong>Avanzado<\/strong><\/strong> <strong>TT \u2013 GENERACI\u00d3N VIII \u2013 Monterrey<\/strong> <strong>Programa Modular<\/strong>\n<ul class=\"wp-block-list\">\n<li>Beatriz L\u00f3pez Livas (9)<\/li>\n<\/ul>\n<\/li>\n\n\n\n<li><strong><strong><strong>200 horas TT \u2013 GENERACI\u00d3N XXVII \u2013 Monterrey<\/strong> <strong>Programa Modular<\/strong><\/strong><\/strong>\n<ul class=\"wp-block-list\">\n<li>Elisa Cant\u00fa (160)<\/li>\n\n\n\n<li>Estefan\u00eda Cepeda (161)<\/li>\n\n\n\n<li>Kazmy Chi (162)<\/li>\n\n\n\n<li>Daniela De la Garza (163)<\/li>\n\n\n\n<li>Alejandra Gonz\u00e1lez (164)<\/li>\n\n\n\n<li>Abraham Motola (165)<\/li>\n\n\n\n<li>Celeste N\u00e1jera (166)<\/li>\n\n\n\n<li>Kattrina Neo (167)<\/li>\n\n\n\n<li>Montserrat Ortega (168)<\/li>\n\n\n\n<li>Rodrigo Sosa (169)<\/li>\n\n\n\n<li>Irasema Trevi\u00f1o (170)<\/li>\n<\/ul>\n<\/li>\n<\/ul>\n\n\n\n<figure class=\"wp-block-image size-full\"><a href=\"https:\/\/vinyasayoga.mx\/wp-content\/uploads\/2023\/11\/TT200-2015-Monterrey.jpg\"><img loading=\"lazy\" decoding=\"async\" width=\"960\" height=\"720\" src=\"https:\/\/vinyasayoga.mx\/wp-content\/uploads\/2023\/11\/TT200-2015-Monterrey.jpg\" alt=\"\" class=\"wp-image-2803\" srcset=\"https:\/\/vinyasayoga.mx\/wp-content\/uploads\/2023\/11\/TT200-2015-Monterrey.jpg 960w, https:\/\/vinyasayoga.mx\/wp-content\/uploads\/2023\/11\/TT200-2015-Monterrey-300x225.jpg 300w, https:\/\/vinyasayoga.mx\/wp-content\/uploads\/2023\/11\/TT200-2015-Monterrey-768x576.jpg 768w\" sizes=\"auto, (max-width: 960px) 100vw, 960px\" \/><\/a><\/figure>\n\n\n\n<ul class=\"wp-block-list\">\n<li><strong><strong>200 horas TT \u2013 GENERACI\u00d3N XXVIII \u2013 Monterrey<\/strong> <strong>Programa Modular<\/strong><\/strong>\n<ul class=\"wp-block-list\">\n<li>Felisa Coronado (171)<\/li>\n\n\n\n<li>Celina Delgado (172)<\/li>\n\n\n\n<li>Fernanda Garc\u00eda (173)<\/li>\n\n\n\n<li>Rosa Garc\u00eda (174)<\/li>\n\n\n\n<li>Cristina Huerta (175)<\/li>\n\n\n\n<li>Iv\u00e1n Ibarra (176)<\/li>\n\n\n\n<li>Melani Montemayor (177)<\/li>\n\n\n\n<li>Wendy S\u00e1nchez (178)<\/li>\n\n\n\n<li>Melina Sep\u00falveda (179)<\/li>\n<\/ul>\n<\/li>\n<\/ul>\n\n\n\n<figure class=\"wp-block-image size-full\"><a href=\"https:\/\/vinyasayoga.mx\/wp-content\/uploads\/2023\/11\/TT200-2015-Monterrey2.jpg.jpeg\"><img loading=\"lazy\" decoding=\"async\" width=\"722\" height=\"542\" src=\"https:\/\/vinyasayoga.mx\/wp-content\/uploads\/2023\/11\/TT200-2015-Monterrey2.jpg.jpeg\" alt=\"\" class=\"wp-image-3020\" srcset=\"https:\/\/vinyasayoga.mx\/wp-content\/uploads\/2023\/11\/TT200-2015-Monterrey2.jpg.jpeg 722w, https:\/\/vinyasayoga.mx\/wp-content\/uploads\/2023\/11\/TT200-2015-Monterrey2.jpg-300x225.jpeg 300w\" sizes=\"auto, (max-width: 722px) 100vw, 722px\" \/><\/a><\/figure>\n\n\n\n<ul class=\"wp-block-list\">\n<li><strong>200 horas TT \u2013 GENERACI\u00d3N XXIX \u2013 Mexicali<\/strong> <strong>Programa Modular<\/strong>\n<ul class=\"wp-block-list\">\n<li>Yelitza Candelas (180)<\/li>\n\n\n\n<li>Eduardo Flores (181)<\/li>\n\n\n\n<li>Vianel Guill\u00e9n (182)<\/li>\n\n\n\n<li>Kathia J\u00e1uregui (183)<\/li>\n\n\n\n<li>Denisse Jara (184)<\/li>\n\n\n\n<li>Arely Lee Boj\u00f3rquez (185)<\/li>\n\n\n\n<li>Sara Mar\u00edn (186)<\/li>\n\n\n\n<li>Lika Montoya (187)<\/li>\n\n\n\n<li>Sara Moreno (188)<\/li>\n\n\n\n<li>Lizeth Peralta (189)<\/li>\n\n\n\n<li>Marissa Villa (190)<\/li>\n<\/ul>\n<\/li>\n<\/ul>\n\n\n\n<figure class=\"wp-block-image size-large\"><a href=\"https:\/\/vinyasayoga.mx\/wp-content\/uploads\/2023\/11\/20151122_132752-scaled.jpg\"><img loading=\"lazy\" decoding=\"async\" width=\"1024\" height=\"576\" src=\"https:\/\/vinyasayoga.mx\/wp-content\/uploads\/2023\/11\/20151122_132752-1024x576.jpg\" alt=\"\" class=\"wp-image-2860\" srcset=\"https:\/\/vinyasayoga.mx\/wp-content\/uploads\/2023\/11\/20151122_132752-1024x576.jpg 1024w, https:\/\/vinyasayoga.mx\/wp-content\/uploads\/2023\/11\/20151122_132752-300x169.jpg 300w, https:\/\/vinyasayoga.mx\/wp-content\/uploads\/2023\/11\/20151122_132752-768x432.jpg 768w, https:\/\/vinyasayoga.mx\/wp-content\/uploads\/2023\/11\/20151122_132752-1536x864.jpg 1536w, https:\/\/vinyasayoga.mx\/wp-content\/uploads\/2023\/11\/20151122_132752-2048x1152.jpg 2048w, https:\/\/vinyasayoga.mx\/wp-content\/uploads\/2023\/11\/20151122_132752-1568x882.jpg 1568w\" sizes=\"auto, (max-width: 1024px) 100vw, 1024px\" \/><\/a><\/figure>\n\n\n\n<ul class=\"wp-block-list\">\n<li><strong>200 horas \u2013 GENERACI\u00d3N XXX \u2013 Guadalajara<\/strong> <strong>Programa Modular<\/strong>\n<ul class=\"wp-block-list\">\n<li>Mara Alan\u00eds (191)<\/li>\n\n\n\n<li>Alexis Ben\u00edtez (192)<\/li>\n\n\n\n<li>Anel Garc\u00eda (193)<\/li>\n\n\n\n<li>Everardo Luna (194)<\/li>\n\n\n\n<li>Roc\u00edo Mercado (195)<\/li>\n\n\n\n<li>Janet N\u00fa\u00f1ez (196)<\/li>\n\n\n\n<li>Lourdes Ojeda (197)<\/li>\n\n\n\n<li>Margaret Palacios (198)<\/li>\n\n\n\n<li>Iliana Ram\u00edrez (199)<\/li>\n\n\n\n<li>Marco Tulio (200)<\/li>\n\n\n\n<li>Roc\u00edo Valencia (201)<\/li>\n<\/ul>\n<\/li>\n<\/ul>\n\n\n\n<figure class=\"wp-block-image size-large\"><a href=\"https:\/\/vinyasayoga.mx\/wp-content\/uploads\/2023\/11\/Guadalajara-1-scaled.jpg\"><img loading=\"lazy\" decoding=\"async\" width=\"1024\" height=\"576\" src=\"https:\/\/vinyasayoga.mx\/wp-content\/uploads\/2023\/11\/Guadalajara-1-1024x576.jpg\" alt=\"\" class=\"wp-image-2832\" srcset=\"https:\/\/vinyasayoga.mx\/wp-content\/uploads\/2023\/11\/Guadalajara-1-1024x576.jpg 1024w, https:\/\/vinyasayoga.mx\/wp-content\/uploads\/2023\/11\/Guadalajara-1-300x169.jpg 300w, https:\/\/vinyasayoga.mx\/wp-content\/uploads\/2023\/11\/Guadalajara-1-768x432.jpg 768w, https:\/\/vinyasayoga.mx\/wp-content\/uploads\/2023\/11\/Guadalajara-1-1536x864.jpg 1536w, https:\/\/vinyasayoga.mx\/wp-content\/uploads\/2023\/11\/Guadalajara-1-2048x1152.jpg 2048w, https:\/\/vinyasayoga.mx\/wp-content\/uploads\/2023\/11\/Guadalajara-1-1568x882.jpg 1568w\" sizes=\"auto, (max-width: 1024px) 100vw, 1024px\" \/><\/a><\/figure>\n\n\n\n<p class=\"has-text-align-center has-large-font-size\"><strong>2016<\/strong><\/p>\n\n\n\n<ul class=\"wp-block-list\">\n<li><strong><strong>200 horas TT \u2013 GENERACI\u00d3N XXXI \u2013 Monterrey<\/strong> <strong>Programa Modular<\/strong><\/strong>\n<ul class=\"wp-block-list\">\n<li>Mar\u00eda Fernanda Castellanos (202)<\/li>\n\n\n\n<li>Susana De los Santos (203)<\/li>\n\n\n\n<li>David Fraire (204)<\/li>\n\n\n\n<li>Talia Hinojosa (205)<\/li>\n\n\n\n<li>Wendy Loreley (206)<\/li>\n\n\n\n<li>Alejandra Marrufo (207)<\/li>\n\n\n\n<li>Claudia Pi\u00f1era (208)<\/li>\n<\/ul>\n<\/li>\n<\/ul>\n\n\n\n<figure class=\"wp-block-image size-full\"><a href=\"https:\/\/vinyasayoga.mx\/wp-content\/uploads\/2023\/11\/image-6.png\"><img loading=\"lazy\" decoding=\"async\" width=\"599\" height=\"534\" src=\"https:\/\/vinyasayoga.mx\/wp-content\/uploads\/2023\/11\/image-6.png\" alt=\"\" class=\"wp-image-3003\" srcset=\"https:\/\/vinyasayoga.mx\/wp-content\/uploads\/2023\/11\/image-6.png 599w, https:\/\/vinyasayoga.mx\/wp-content\/uploads\/2023\/11\/image-6-300x267.png 300w\" sizes=\"auto, (max-width: 599px) 100vw, 599px\" \/><\/a><\/figure>\n\n\n\n<ul class=\"wp-block-list\">\n<li><strong>200 horas TT \u2013 GENERACI\u00d3N XXXII \u2013 Le\u00f3n <strong>Modular <\/strong>Programa<\/strong>\n<ul class=\"wp-block-list\">\n<li>\u201cConejo\u201d Castro Lozano (209)<\/li>\n\n\n\n<li>Patricia Hern\u00e1ndez (210)<\/li>\n\n\n\n<li>Ofelia Miranda (211)<\/li>\n\n\n\n<li>Elsa Orozco (212)<\/li>\n\n\n\n<li>Valeria Ram\u00edrez (213)<\/li>\n\n\n\n<li>Gabriela Rodr\u00edguez (214)<\/li>\n\n\n\n<li>Leticia Valladares (215)<\/li>\n<\/ul>\n<\/li>\n<\/ul>\n\n\n\n<figure class=\"wp-block-image size-large\"><a href=\"https:\/\/vinyasayoga.mx\/wp-content\/uploads\/2023\/11\/20160626_183644-scaled.jpg\"><img loading=\"lazy\" decoding=\"async\" width=\"1024\" height=\"768\" src=\"https:\/\/vinyasayoga.mx\/wp-content\/uploads\/2023\/11\/20160626_183644-1024x768.jpg\" alt=\"\" class=\"wp-image-2788\" srcset=\"https:\/\/vinyasayoga.mx\/wp-content\/uploads\/2023\/11\/20160626_183644-1024x768.jpg 1024w, https:\/\/vinyasayoga.mx\/wp-content\/uploads\/2023\/11\/20160626_183644-300x225.jpg 300w, https:\/\/vinyasayoga.mx\/wp-content\/uploads\/2023\/11\/20160626_183644-768x576.jpg 768w, https:\/\/vinyasayoga.mx\/wp-content\/uploads\/2023\/11\/20160626_183644-1536x1152.jpg 1536w, https:\/\/vinyasayoga.mx\/wp-content\/uploads\/2023\/11\/20160626_183644-2048x1536.jpg 2048w, https:\/\/vinyasayoga.mx\/wp-content\/uploads\/2023\/11\/20160626_183644-1568x1176.jpg 1568w\" sizes=\"auto, (max-width: 1024px) 100vw, 1024px\" \/><\/a><\/figure>\n\n\n\n<ul class=\"wp-block-list\">\n<li><strong>200 horas TT \u2013 GENERACI\u00d3N XXXIII \u2013 Cd. Obreg\u00f3n <strong>Modular <\/strong>Programa<\/strong>\n<ul class=\"wp-block-list\">\n<li>Itzel Castro Luna (216)<\/li>\n\n\n\n<li>Graciela De la Llata (217)<\/li>\n\n\n\n<li>Mariana Olea Medell\u00edn (218)<\/li>\n\n\n\n<li>Mario Mill\u00e1n Quintero (219)<\/li>\n<\/ul>\n<\/li>\n<\/ul>\n\n\n\n<figure class=\"wp-block-image size-full\"><a href=\"https:\/\/vinyasayoga.mx\/wp-content\/uploads\/2023\/11\/image-4.png\"><img loading=\"lazy\" decoding=\"async\" width=\"900\" height=\"884\" src=\"https:\/\/vinyasayoga.mx\/wp-content\/uploads\/2023\/11\/image-4.png\" alt=\"\" class=\"wp-image-3000\" srcset=\"https:\/\/vinyasayoga.mx\/wp-content\/uploads\/2023\/11\/image-4.png 900w, https:\/\/vinyasayoga.mx\/wp-content\/uploads\/2023\/11\/image-4-300x295.png 300w, https:\/\/vinyasayoga.mx\/wp-content\/uploads\/2023\/11\/image-4-768x754.png 768w\" sizes=\"auto, (max-width: 900px) 100vw, 900px\" \/><\/a><\/figure>\n\n\n\n<ul class=\"wp-block-list\">\n<li><strong><strong>200 horas TT \u2013 GENERACI\u00d3N XXXIV \u2013 Monterrey<\/strong> <strong>Programa Modular<\/strong><\/strong>\n<ul class=\"wp-block-list\">\n<li>Alejandra Cerda (220)<\/li>\n\n\n\n<li>Jessica Huerta (221)<\/li>\n\n\n\n<li>Karla V\u00e1zquez (222)<\/li>\n\n\n\n<li>Mar\u00eda Jos\u00e9 Villarreal Haces (223)<\/li>\n<\/ul>\n<\/li>\n<\/ul>\n\n\n\n\n\n<ul class=\"wp-block-list\">\n<li><strong><strong>200 horas TT \u2013 GENERACI\u00d3N XXXV \u2013 Xalapa<\/strong> <strong>Programa Modular<\/strong><\/strong>\n<ul class=\"wp-block-list\">\n<li>Claudia Aguilar (224)<\/li>\n\n\n\n<li>Mireya Barrientos (225)<\/li>\n\n\n\n<li>Ericka Castillo (226)<\/li>\n\n\n\n<li>Danissa C\u00f3rdova (227)<\/li>\n\n\n\n<li>Beatriz Dennis (228)<\/li>\n\n\n\n<li>Milagros Guti\u00e9rrez (229)&nbsp;&nbsp;<\/li>\n\n\n\n<li>Isis Hern\u00e1ndez (230)<\/li>\n\n\n\n<li>Nancy Juan (231)<\/li>\n\n\n\n<li>Sandra Montero (232)<\/li>\n\n\n\n<li>Beatriz Mulato (233)<\/li>\n\n\n\n<li>Iz\u00fa Quirarte (234)<\/li>\n\n\n\n<li>Lourdes Ramos (235)<\/li>\n\n\n\n<li>\u00c1ngeles Salazar (236)<\/li>\n\n\n\n<li>Marco Torres (237)<\/li>\n<\/ul>\n<\/li>\n<\/ul>\n\n\n\n<figure class=\"wp-block-image size-large\"><a href=\"https:\/\/vinyasayoga.mx\/wp-content\/uploads\/2023\/11\/TT200-2016-Xalapa-.jpg\"><img loading=\"lazy\" decoding=\"async\" width=\"1024\" height=\"768\" src=\"https:\/\/vinyasayoga.mx\/wp-content\/uploads\/2023\/11\/TT200-2016-Xalapa--1024x768.jpg\" alt=\"\" class=\"wp-image-2790\" srcset=\"https:\/\/vinyasayoga.mx\/wp-content\/uploads\/2023\/11\/TT200-2016-Xalapa--1024x768.jpg 1024w, https:\/\/vinyasayoga.mx\/wp-content\/uploads\/2023\/11\/TT200-2016-Xalapa--300x225.jpg 300w, https:\/\/vinyasayoga.mx\/wp-content\/uploads\/2023\/11\/TT200-2016-Xalapa--768x576.jpg 768w, https:\/\/vinyasayoga.mx\/wp-content\/uploads\/2023\/11\/TT200-2016-Xalapa-.jpg 1080w\" sizes=\"auto, (max-width: 1024px) 100vw, 1024px\" \/><\/a><\/figure>\n\n\n\n<ul class=\"wp-block-list\">\n<li><strong>200 horas \u2013 GENERACI\u00d3N XXXVI \u2013 Guadalajara<\/strong> <strong>Programa Modular<\/strong>\n<ul class=\"wp-block-list\">\n<li>Regina Arce (238)<\/li>\n\n\n\n<li>D\u00e9bora Lemble (239)<\/li>\n\n\n\n<li>Lorena Mart\u00ednez (240)<\/li>\n\n\n\n<li>Paloma Olivares (241)<\/li>\n<\/ul>\n<\/li>\n<\/ul>\n\n\n\n<figure class=\"wp-block-image size-full\"><a href=\"https:\/\/vinyasayoga.mx\/wp-content\/uploads\/2023\/11\/TT200-2017-Guadalajara.jpeg\"><img loading=\"lazy\" decoding=\"async\" width=\"720\" height=\"539\" src=\"https:\/\/vinyasayoga.mx\/wp-content\/uploads\/2023\/11\/TT200-2017-Guadalajara.jpeg\" alt=\"\" class=\"wp-image-3019\" srcset=\"https:\/\/vinyasayoga.mx\/wp-content\/uploads\/2023\/11\/TT200-2017-Guadalajara.jpeg 720w, https:\/\/vinyasayoga.mx\/wp-content\/uploads\/2023\/11\/TT200-2017-Guadalajara-300x225.jpeg 300w\" sizes=\"auto, (max-width: 720px) 100vw, 720px\" \/><\/a><\/figure>\n\n\n\n<p class=\"has-text-align-center has-large-font-size\"><strong>2017<\/strong><\/p>\n\n\n\n<ul class=\"wp-block-list\">\n<li><strong><strong>200 horas TT \u2013 GENERACI\u00d3N XXXVII \u2013 Aguascalientes<\/strong> <strong>Programa Modular<\/strong><\/strong>\n<ul class=\"wp-block-list\">\n<li>Sheila Cuevas (242)<\/li>\n\n\n\n<li>F\u00e1tima Fuentes (243)<\/li>\n\n\n\n<li>Alberto Lomel\u00ed (244)<\/li>\n\n\n\n<li>Diana McDoneld (245)<\/li>\n\n\n\n<li>Griselda Ortiz (246)<\/li>\n\n\n\n<li>Alma Torres (247)<\/li>\n\n\n\n<li>Tania Velasco (248)<\/li>\n<\/ul>\n<\/li>\n<\/ul>\n\n\n\n<figure class=\"wp-block-image size-full\"><a href=\"https:\/\/vinyasayoga.mx\/wp-content\/uploads\/2023\/11\/TT200-2018-Aguascalientes.jpg\"><img loading=\"lazy\" decoding=\"async\" width=\"631\" height=\"478\" src=\"https:\/\/vinyasayoga.mx\/wp-content\/uploads\/2023\/11\/TT200-2018-Aguascalientes.jpg\" alt=\"\" class=\"wp-image-2806\" srcset=\"https:\/\/vinyasayoga.mx\/wp-content\/uploads\/2023\/11\/TT200-2018-Aguascalientes.jpg 631w, https:\/\/vinyasayoga.mx\/wp-content\/uploads\/2023\/11\/TT200-2018-Aguascalientes-300x227.jpg 300w\" sizes=\"auto, (max-width: 631px) 100vw, 631px\" \/><\/a><\/figure>\n\n\n\n<ul class=\"wp-block-list\">\n<li><strong><strong>200 horas TT \u2013 GENERACI\u00d3N XXXVIII \u2013 Intensivo Jalcomulco<\/strong><strong> Programa<\/strong><\/strong>\n<ul class=\"wp-block-list\">\n<li>Lisa Blackenship (249)<\/li>\n\n\n\n<li>Marina Boiko (250)<\/li>\n\n\n\n<li>Sasha Daniel (251)<\/li>\n\n\n\n<li>Triga D\u00e1vila (252)<\/li>\n\n\n\n<li>Elizabeth Hem-Jensen (253)<\/li>\n\n\n\n<li>Elia Reyes (254)<\/li>\n\n\n\n<li>Nina Stahel (255)<\/li>\n\n\n\n<li>Emily Tourtelot (256)<\/li>\n\n\n\n<li>Trine Winkle (257)<\/li>\n<\/ul>\n<\/li>\n<\/ul>\n\n\n\n<figure class=\"wp-block-image size-large\"><a href=\"https:\/\/vinyasayoga.mx\/wp-content\/uploads\/2023\/11\/TT200-2017-Jalcomulco.jpg\"><img loading=\"lazy\" decoding=\"async\" width=\"1024\" height=\"683\" src=\"https:\/\/vinyasayoga.mx\/wp-content\/uploads\/2023\/11\/TT200-2017-Jalcomulco-1024x683.jpg\" alt=\"\" class=\"wp-image-2805\" srcset=\"https:\/\/vinyasayoga.mx\/wp-content\/uploads\/2023\/11\/TT200-2017-Jalcomulco-1024x683.jpg 1024w, https:\/\/vinyasayoga.mx\/wp-content\/uploads\/2023\/11\/TT200-2017-Jalcomulco-300x200.jpg 300w, https:\/\/vinyasayoga.mx\/wp-content\/uploads\/2023\/11\/TT200-2017-Jalcomulco-768x512.jpg 768w, https:\/\/vinyasayoga.mx\/wp-content\/uploads\/2023\/11\/TT200-2017-Jalcomulco-1536x1024.jpg 1536w, https:\/\/vinyasayoga.mx\/wp-content\/uploads\/2023\/11\/TT200-2017-Jalcomulco-1568x1045.jpg 1568w, https:\/\/vinyasayoga.mx\/wp-content\/uploads\/2023\/11\/TT200-2017-Jalcomulco.jpg 2048w\" sizes=\"auto, (max-width: 1024px) 100vw, 1024px\" \/><\/a><\/figure>\n\n\n\n<ul class=\"wp-block-list\">\n<li><strong><strong>200 horas TT \u2013 GENERACI\u00d3N XXXIX \u2013 Le\u00f3n<\/strong> <strong>Programa Modular<\/strong><\/strong>\n<ul class=\"wp-block-list\">\n<li>Jessica Fuentes (258)<\/li>\n\n\n\n<li>Carlos Hern\u00e1ndez (259)<\/li>\n\n\n\n<li>Carlos Le\u00f3n (260)<\/li>\n\n\n\n<li>Yelena Mart\u00ednez (261)<\/li>\n\n\n\n<li>Coral Monta\u00f1o (262)<\/li>\n\n\n\n<li>Daniela Padilla (263)<\/li>\n\n\n\n<li>Greta P\u00e9rez (264)<\/li>\n\n\n\n<li>Ang\u00e9lica Rubio (265)<\/li>\n\n\n\n<li>Mariana S\u00e1nchez (266)<\/li>\n\n\n\n<li>Luc\u00eda Serra (267)<\/li>\n<\/ul>\n<\/li>\n<\/ul>\n\n\n\n<figure class=\"wp-block-image size-full\"><a href=\"https:\/\/vinyasayoga.mx\/wp-content\/uploads\/2023\/11\/78e5af54-3f29-4052-8e15-0758c960dc5f.jpg\"><img loading=\"lazy\" decoding=\"async\" width=\"720\" height=\"612\" src=\"https:\/\/vinyasayoga.mx\/wp-content\/uploads\/2023\/11\/78e5af54-3f29-4052-8e15-0758c960dc5f.jpg\" alt=\"\" class=\"wp-image-2823\" srcset=\"https:\/\/vinyasayoga.mx\/wp-content\/uploads\/2023\/11\/78e5af54-3f29-4052-8e15-0758c960dc5f.jpg 720w, https:\/\/vinyasayoga.mx\/wp-content\/uploads\/2023\/11\/78e5af54-3f29-4052-8e15-0758c960dc5f-300x255.jpg 300w\" sizes=\"auto, (max-width: 720px) 100vw, 720px\" \/><\/a><\/figure>\n\n\n\n<ul class=\"wp-block-list\">\n<li><strong><strong>200 horas TT \u2013 GENERACI\u00d3N XL \u2013 Monterrey<\/strong> <strong>Programa Modular<\/strong><\/strong>\n<ul class=\"wp-block-list\">\n<li>Melissa Baz\u00faa (268)<\/li>\n\n\n\n<li>Ver\u00f3nica Berzosa (269)<\/li>\n\n\n\n<li>Ivonne Cervantes (270)<\/li>\n\n\n\n<li>Marisol Chavarr\u00eda (271)<\/li>\n\n\n\n<li>Mariela Colorado (272)<\/li>\n\n\n\n<li>Mariana Covarrubias (273)<\/li>\n\n\n\n<li>Anabel Hern\u00e1ndez (274)<\/li>\n\n\n\n<li>Laura P\u00e9rez (275)<\/li>\n\n\n\n<li>Denisse Salda\u00f1a (276)<\/li>\n<\/ul>\n<\/li>\n<\/ul>\n\n\n\n<figure class=\"wp-block-image size-full\"><a href=\"https:\/\/vinyasayoga.mx\/wp-content\/uploads\/2023\/11\/dd7bec7a-5e07-4349-83d0-7b325009bb9b.jpg\"><img loading=\"lazy\" decoding=\"async\" width=\"720\" height=\"684\" src=\"https:\/\/vinyasayoga.mx\/wp-content\/uploads\/2023\/11\/dd7bec7a-5e07-4349-83d0-7b325009bb9b.jpg\" alt=\"\" class=\"wp-image-2836\" srcset=\"https:\/\/vinyasayoga.mx\/wp-content\/uploads\/2023\/11\/dd7bec7a-5e07-4349-83d0-7b325009bb9b.jpg 720w, https:\/\/vinyasayoga.mx\/wp-content\/uploads\/2023\/11\/dd7bec7a-5e07-4349-83d0-7b325009bb9b-300x285.jpg 300w\" sizes=\"auto, (max-width: 720px) 100vw, 720px\" \/><\/a><\/figure>\n\n\n\n<ul class=\"wp-block-list\">\n<li><strong>300 horas Avanzado<\/strong> <strong>TT \u2013 GENERACI\u00d3N IX \u2013 Monterrey<\/strong> <strong>Programa Modular<\/strong>\n<ul class=\"wp-block-list\">\n<li>Mar\u00eda Fernanda Castellanos (10)<\/li>\n\n\n\n<li>Mayda Charles (11)<\/li>\n\n\n\n<li>Susana De los Santos (12)<\/li>\n\n\n\n<li>Catalina Garza (13)<\/li>\n\n\n\n<li>Cristina Huerta (14)<\/li>\n\n\n\n<li>Andrea Palafox (15)<\/li>\n\n\n\n<li>Wendy S\u00e1nchez (16)<\/li>\n\n\n\n<li>Karla V\u00e1zquez (17)<\/li>\n<\/ul>\n<\/li>\n<\/ul>\n\n\n\n<figure class=\"wp-block-image size-full\"><a href=\"https:\/\/vinyasayoga.mx\/wp-content\/uploads\/2023\/11\/ATT300-2017-Monterrey-2.jpg\"><img loading=\"lazy\" decoding=\"async\" width=\"960\" height=\"960\" src=\"https:\/\/vinyasayoga.mx\/wp-content\/uploads\/2023\/11\/ATT300-2017-Monterrey-2.jpg\" alt=\"\" class=\"wp-image-2785\" srcset=\"https:\/\/vinyasayoga.mx\/wp-content\/uploads\/2023\/11\/ATT300-2017-Monterrey-2.jpg 960w, https:\/\/vinyasayoga.mx\/wp-content\/uploads\/2023\/11\/ATT300-2017-Monterrey-2-300x300.jpg 300w, https:\/\/vinyasayoga.mx\/wp-content\/uploads\/2023\/11\/ATT300-2017-Monterrey-2-150x150.jpg 150w, https:\/\/vinyasayoga.mx\/wp-content\/uploads\/2023\/11\/ATT300-2017-Monterrey-2-768x768.jpg 768w\" sizes=\"auto, (max-width: 960px) 100vw, 960px\" \/><\/a><\/figure>\n\n\n\n<p class=\"has-text-align-center has-large-font-size\"><strong>2018<\/strong><\/p>\n\n\n\n<ul class=\"wp-block-list\">\n<li><strong><strong>200 horas TT \u2013 GENERACI\u00d3N XLI \u2013 Programa Intensivo Tulum<\/strong><\/strong>\n<ul class=\"wp-block-list\">\n<li>Kate Gutjahr (277)<\/li>\n\n\n\n<li>Alexandra Isoc (278)<\/li>\n\n\n\n<li>Madison Kent (279)<\/li>\n\n\n\n<li>Flavio L\u00f3pez (280)<\/li>\n\n\n\n<li>Arantza Mart\u00ednez (281)<\/li>\n\n\n\n<li>Esmeralda Sotelo (282)<\/li>\n\n\n\n<li>Katia Vidotto (283)<\/li>\n<\/ul>\n<\/li>\n<\/ul>\n\n\n\n<figure class=\"wp-block-image size-large\"><a href=\"https:\/\/vinyasayoga.mx\/wp-content\/uploads\/2023\/11\/TT200-2018-Tulum-2.jpg\"><img loading=\"lazy\" decoding=\"async\" width=\"1024\" height=\"1024\" src=\"https:\/\/vinyasayoga.mx\/wp-content\/uploads\/2023\/11\/TT200-2018-Tulum-2-1024x1024.jpg\" alt=\"\" class=\"wp-image-2842\" srcset=\"https:\/\/vinyasayoga.mx\/wp-content\/uploads\/2023\/11\/TT200-2018-Tulum-2-1024x1024.jpg 1024w, https:\/\/vinyasayoga.mx\/wp-content\/uploads\/2023\/11\/TT200-2018-Tulum-2-300x300.jpg 300w, https:\/\/vinyasayoga.mx\/wp-content\/uploads\/2023\/11\/TT200-2018-Tulum-2-150x150.jpg 150w, https:\/\/vinyasayoga.mx\/wp-content\/uploads\/2023\/11\/TT200-2018-Tulum-2-768x768.jpg 768w, https:\/\/vinyasayoga.mx\/wp-content\/uploads\/2023\/11\/TT200-2018-Tulum-2.jpg 1080w\" sizes=\"auto, (max-width: 1024px) 100vw, 1024px\" \/><\/a><\/figure>\n\n\n\n<ul class=\"wp-block-list\">\n<li><strong><strong>200 horas TT \u2013 GENERACI\u00d3N XLII \u2013 Monterrey<\/strong> <strong>Programa Modular<\/strong><\/strong>\n<ul class=\"wp-block-list\">\n<li>Alejandro Araujo (284)<\/li>\n\n\n\n<li>Raymundo Ascencio (285)<\/li>\n\n\n\n<li>Natalia M\u00e1tar (286)<\/li>\n\n\n\n<li>Mariana M\u00e1tar (287)<\/li>\n\n\n\n<li>Nora Mart\u00ednez (288)<\/li>\n\n\n\n<li>Mariela Vald\u00e9s (289)<\/li>\n\n\n\n<li>Daniel Vel\u00e1zquez (290)<\/li>\n<\/ul>\n<\/li>\n<\/ul>\n\n\n\n<figure class=\"wp-block-image size-full\"><a href=\"https:\/\/vinyasayoga.mx\/wp-content\/uploads\/2023\/11\/TT200-2018-Monterrey.jpeg\"><img loading=\"lazy\" decoding=\"async\" width=\"720\" height=\"522\" src=\"https:\/\/vinyasayoga.mx\/wp-content\/uploads\/2023\/11\/TT200-2018-Monterrey.jpeg\" alt=\"\" class=\"wp-image-3047\" srcset=\"https:\/\/vinyasayoga.mx\/wp-content\/uploads\/2023\/11\/TT200-2018-Monterrey.jpeg 720w, https:\/\/vinyasayoga.mx\/wp-content\/uploads\/2023\/11\/TT200-2018-Monterrey-300x218.jpeg 300w\" sizes=\"auto, (max-width: 720px) 100vw, 720px\" \/><\/a><\/figure>\n\n\n\n<ul class=\"wp-block-list\">\n<li><strong><strong>200 horas TT \u2013 GENERACI\u00d3N XLIII \u2013 Veracruz<\/strong> <strong>Programa Modular<\/strong><\/strong>\n<ul class=\"wp-block-list\">\n<li>Lorena Garc\u00eda (291)<\/li>\n\n\n\n<li>Indira Guzm\u00e1n (292)<\/li>\n\n\n\n<li>Dainiz Hern\u00e1ndez (293)<\/li>\n\n\n\n<li>Claudia J\u00e1uregui (294)<\/li>\n\n\n\n<li>Claudia Lamas (295)<\/li>\n\n\n\n<li>Melissa Lozano (296)<\/li>\n\n\n\n<li>Patricia Pacheco (297)<\/li>\n\n\n\n<li>X\u00f3chitl Ram\u00edrez (298)<\/li>\n\n\n\n<li>\u00d3scar Segura (299)<\/li>\n<\/ul>\n<\/li>\n<\/ul>\n\n\n\n<figure class=\"wp-block-image size-full\"><a href=\"https:\/\/vinyasayoga.mx\/wp-content\/uploads\/2023\/11\/TT200-2018-Veracruz.jpeg\"><img loading=\"lazy\" decoding=\"async\" width=\"720\" height=\"711\" src=\"https:\/\/vinyasayoga.mx\/wp-content\/uploads\/2023\/11\/TT200-2018-Veracruz.jpeg\" alt=\"\" class=\"wp-image-3046\" srcset=\"https:\/\/vinyasayoga.mx\/wp-content\/uploads\/2023\/11\/TT200-2018-Veracruz.jpeg 720w, https:\/\/vinyasayoga.mx\/wp-content\/uploads\/2023\/11\/TT200-2018-Veracruz-300x296.jpeg 300w\" sizes=\"auto, (max-width: 720px) 100vw, 720px\" \/><\/a><\/figure>\n\n\n\n<ul class=\"wp-block-list\">\n<li><strong>300 horas Avanzado<\/strong> <strong>TT \u2013 GENERACI\u00d3N X \u2013 Monterrey<\/strong> <strong>Programa Modular<\/strong>\n<ul class=\"wp-block-list\">\n<li>Ivonne Cervantes (18)<\/li>\n\n\n\n<li>Marisol Chavarr\u00eda (19)<\/li>\n\n\n\n<li>Felisha Coronado (20)<\/li>\n\n\n\n<li>Alejandra Gonz\u00e1lez (21)<\/li>\n\n\n\n<li>Olga Minor (22)<\/li>\n\n\n\n<li>Melina Sep\u00falveda (23)<\/li>\n\n\n\n<li>Nora Villalobos (24)<\/li>\n<\/ul>\n<\/li>\n<\/ul>\n\n\n\n<figure class=\"wp-block-image size-full\"><a href=\"https:\/\/vinyasayoga.mx\/wp-content\/uploads\/2023\/11\/WhatsApp-Image-2023-11-08-at-5.47.28-PM.jpeg\"><img loading=\"lazy\" decoding=\"async\" width=\"720\" height=\"705\" src=\"https:\/\/vinyasayoga.mx\/wp-content\/uploads\/2023\/11\/WhatsApp-Image-2023-11-08-at-5.47.28-PM.jpeg\" alt=\"\" class=\"wp-image-2831\" srcset=\"https:\/\/vinyasayoga.mx\/wp-content\/uploads\/2023\/11\/WhatsApp-Image-2023-11-08-at-5.47.28-PM.jpeg 720w, https:\/\/vinyasayoga.mx\/wp-content\/uploads\/2023\/11\/WhatsApp-Image-2023-11-08-at-5.47.28-PM-300x294.jpeg 300w\" sizes=\"auto, (max-width: 720px) 100vw, 720px\" \/><\/a><\/figure>\n\n\n\n<p class=\"has-text-align-center has-large-font-size\"><strong>2019<\/strong><\/p>\n\n\n\n<ul class=\"wp-block-list\">\n<li><strong>300 horas Avanzado<\/strong> <strong>TT \u2013 GENERACI\u00d3N XI \u2013 Tulum<\/strong> <strong>Programa intensivo<\/strong>\n<ul class=\"wp-block-list\">\n<li>Clare Emily Kelly (25)<\/li>\n\n\n\n<li>Margarita Mott (26)<\/li>\n\n\n\n<li>Maja Vucenovic (27)<\/li>\n<\/ul>\n<\/li>\n<\/ul>\n\n\n\n<figure class=\"wp-block-image size-large\"><a href=\"https:\/\/vinyasayoga.mx\/wp-content\/uploads\/2023\/11\/ATT300-2019-Tulum-1-scaled.jpg\"><img loading=\"lazy\" decoding=\"async\" width=\"1024\" height=\"768\" src=\"https:\/\/vinyasayoga.mx\/wp-content\/uploads\/2023\/11\/ATT300-2019-Tulum-1-1024x768.jpg\" alt=\"\" class=\"wp-image-3045\" srcset=\"https:\/\/vinyasayoga.mx\/wp-content\/uploads\/2023\/11\/ATT300-2019-Tulum-1-1024x768.jpg 1024w, https:\/\/vinyasayoga.mx\/wp-content\/uploads\/2023\/11\/ATT300-2019-Tulum-1-300x225.jpg 300w, https:\/\/vinyasayoga.mx\/wp-content\/uploads\/2023\/11\/ATT300-2019-Tulum-1-768x576.jpg 768w, https:\/\/vinyasayoga.mx\/wp-content\/uploads\/2023\/11\/ATT300-2019-Tulum-1-1536x1152.jpg 1536w, https:\/\/vinyasayoga.mx\/wp-content\/uploads\/2023\/11\/ATT300-2019-Tulum-1-2048x1536.jpg 2048w, https:\/\/vinyasayoga.mx\/wp-content\/uploads\/2023\/11\/ATT300-2019-Tulum-1-1568x1176.jpg 1568w\" sizes=\"auto, (max-width: 1024px) 100vw, 1024px\" \/><\/a><\/figure>\n\n\n\n<ul class=\"wp-block-list\">\n<li><strong><strong>200 horas TT \u2013 GENERACI\u00d3N XLIV \u2013 <\/strong>El<strong>o<\/strong>norte <strong>Programa Modular<\/strong><\/strong>\n<ul class=\"wp-block-list\">\n<li>Karen Daley (300)<\/li>\n\n\n\n<li>Mar\u00eda Ivonne Franco (301)<\/li>\n\n\n\n<li>Diego God\u00ednez (302)<\/li>\n\n\n\n<li>Martha Manrique (303)<\/li>\n\n\n\n<li>Selene Mart\u00ednez (304)<\/li>\n\n\n\n<li>Rodrigo Pedroza (305) *<\/li>\n\n\n\n<li>Brenda Rodr\u00edguez (306)<\/li>\n\n\n\n<li>Sof\u00eda Tejeda (307) <\/li>\n<\/ul>\n<\/li>\n<\/ul>\n\n\n\n<figure class=\"wp-block-image size-full\"><a href=\"https:\/\/vinyasayoga.mx\/wp-content\/uploads\/2023\/11\/TT200-2021-Leon.jpeg\"><img loading=\"lazy\" decoding=\"async\" width=\"720\" height=\"708\" src=\"https:\/\/vinyasayoga.mx\/wp-content\/uploads\/2023\/11\/TT200-2021-Leon.jpeg\" alt=\"\" class=\"wp-image-3033\" srcset=\"https:\/\/vinyasayoga.mx\/wp-content\/uploads\/2023\/11\/TT200-2021-Leon.jpeg 720w, https:\/\/vinyasayoga.mx\/wp-content\/uploads\/2023\/11\/TT200-2021-Leon-300x295.jpeg 300w\" sizes=\"auto, (max-width: 720px) 100vw, 720px\" \/><\/a><\/figure>\n\n\n\n<ul class=\"wp-block-list\">\n<li><strong><strong>200 horas TT \u2013 GENERACI\u00d3N XLV \u2013 Programa Intensivo Tulum<\/strong><\/strong>\n<ul class=\"wp-block-list\">\n<li>Sof\u00eda Alonso (308)<\/li>\n\n\n\n<li>Kym Chambers (309)<\/li>\n\n\n\n<li>Cristina De Agostini (310)<\/li>\n\n\n\n<li>Mimi Hern\u00e1ndez (311)<\/li>\n\n\n\n<li>Hana Ib\u00e1\u00f1ez (312)<\/li>\n\n\n\n<li>Elena Jaime (313)<\/li>\n\n\n\n<li>Will Loughrin (314)<\/li>\n<\/ul>\n<\/li>\n<\/ul>\n\n\n\n<figure class=\"wp-block-image size-large\"><a href=\"https:\/\/vinyasayoga.mx\/wp-content\/uploads\/2023\/11\/TT200-2019-Tulum-scaled.jpg\"><img loading=\"lazy\" decoding=\"async\" width=\"1024\" height=\"768\" src=\"https:\/\/vinyasayoga.mx\/wp-content\/uploads\/2023\/11\/TT200-2019-Tulum-1024x768.jpg\" alt=\"\" class=\"wp-image-2780\" srcset=\"https:\/\/vinyasayoga.mx\/wp-content\/uploads\/2023\/11\/TT200-2019-Tulum-1024x768.jpg 1024w, https:\/\/vinyasayoga.mx\/wp-content\/uploads\/2023\/11\/TT200-2019-Tulum-300x225.jpg 300w, https:\/\/vinyasayoga.mx\/wp-content\/uploads\/2023\/11\/TT200-2019-Tulum-768x576.jpg 768w, https:\/\/vinyasayoga.mx\/wp-content\/uploads\/2023\/11\/TT200-2019-Tulum-1536x1152.jpg 1536w, https:\/\/vinyasayoga.mx\/wp-content\/uploads\/2023\/11\/TT200-2019-Tulum-2048x1536.jpg 2048w, https:\/\/vinyasayoga.mx\/wp-content\/uploads\/2023\/11\/TT200-2019-Tulum-1568x1176.jpg 1568w\" sizes=\"auto, (max-width: 1024px) 100vw, 1024px\" \/><\/a><\/figure>\n\n\n\n<ul class=\"wp-block-list\">\n<li><strong>300 horas Avanzado<\/strong> <strong>TT \u2013 GENERACI\u00d3N XII \u2013 Xalapa<\/strong> <strong>Programa Modular<\/strong>\n<ul class=\"wp-block-list\">\n<li>Claudia Fern\u00e1ndez (28)<\/li>\n<\/ul>\n<\/li>\n<\/ul>\n\n\n\n<figure class=\"wp-block-image size-full\"><a href=\"https:\/\/vinyasayoga.mx\/wp-content\/uploads\/2023\/11\/ATT300-2019-Xalapa-1.jpg\"><img loading=\"lazy\" decoding=\"async\" width=\"937\" height=\"960\" src=\"https:\/\/vinyasayoga.mx\/wp-content\/uploads\/2023\/11\/ATT300-2019-Xalapa-1.jpg\" alt=\"\" class=\"wp-image-3053\" srcset=\"https:\/\/vinyasayoga.mx\/wp-content\/uploads\/2023\/11\/ATT300-2019-Xalapa-1.jpg 937w, https:\/\/vinyasayoga.mx\/wp-content\/uploads\/2023\/11\/ATT300-2019-Xalapa-1-293x300.jpg 293w, https:\/\/vinyasayoga.mx\/wp-content\/uploads\/2023\/11\/ATT300-2019-Xalapa-1-768x787.jpg 768w\" sizes=\"auto, (max-width: 937px) 100vw, 937px\" \/><\/a><\/figure>\n\n\n\n<ul class=\"wp-block-list\">\n<li><strong><strong>200 horas TT \u2013 GENERACI\u00d3N XLVI \u2013 <\/strong>Xalapa <strong>Programa Modular<\/strong><\/strong>\n<ul class=\"wp-block-list\">\n<li>Olga Flores (315)<\/li>\n\n\n\n<li>Ang\u00e9lica Hern\u00e1ndez (316)<\/li>\n\n\n\n<li>\u00darsula L\u00f3pez (317)<\/li>\n\n\n\n<li>Grizel Mara\u00f1\u00f3n (318)<\/li>\n\n\n\n<li>Berta Murrieta (319)<\/li>\n\n\n\n<li>Ana Isabel Murrieta (320)<\/li>\n\n\n\n<li>Mermelada de naranja (321)<\/li>\n\n\n\n<li>Erika Paul (322)<\/li>\n\n\n\n<li>Patricia Obeso (323)<\/li>\n\n\n\n<li>Claudia Rayo (324)<\/li>\n\n\n\n<li>Tatiana Romero (325)<\/li>\n\n\n\n<li>Ana Lilia S\u00e1nchez (326)<\/li>\n<\/ul>\n<\/li>\n<\/ul>\n\n\n\n<figure class=\"wp-block-image size-large\"><a href=\"https:\/\/vinyasayoga.mx\/wp-content\/uploads\/2023\/11\/TT200-2019-Xalapa-scaled.jpg\"><img loading=\"lazy\" decoding=\"async\" width=\"1024\" height=\"768\" src=\"https:\/\/vinyasayoga.mx\/wp-content\/uploads\/2023\/11\/TT200-2019-Xalapa-1024x768.jpg\" alt=\"\" class=\"wp-image-2779\" srcset=\"https:\/\/vinyasayoga.mx\/wp-content\/uploads\/2023\/11\/TT200-2019-Xalapa-1024x768.jpg 1024w, https:\/\/vinyasayoga.mx\/wp-content\/uploads\/2023\/11\/TT200-2019-Xalapa-300x225.jpg 300w, https:\/\/vinyasayoga.mx\/wp-content\/uploads\/2023\/11\/TT200-2019-Xalapa-768x576.jpg 768w, https:\/\/vinyasayoga.mx\/wp-content\/uploads\/2023\/11\/TT200-2019-Xalapa-1536x1152.jpg 1536w, https:\/\/vinyasayoga.mx\/wp-content\/uploads\/2023\/11\/TT200-2019-Xalapa-2048x1536.jpg 2048w, https:\/\/vinyasayoga.mx\/wp-content\/uploads\/2023\/11\/TT200-2019-Xalapa-1568x1176.jpg 1568w\" sizes=\"auto, (max-width: 1024px) 100vw, 1024px\" \/><\/a><\/figure>\n\n\n\n<ul class=\"wp-block-list\">\n<li><strong><strong>200 horas TT \u2013 GENERACI\u00d3N XLVII \u2013 <\/strong>Monterrey <strong>Programa Modular<\/strong><\/strong>\n<ul class=\"wp-block-list\">\n<li>Gladys Cienfuegos (327)<\/li>\n\n\n\n<li>Adri\u00e1n Elizondo (328)<\/li>\n\n\n\n<li>Bel\u00e9n Elizondo (329)<\/li>\n\n\n\n<li>Paola Elizondo (330)<\/li>\n\n\n\n<li>Marijose Garc\u00eda (331)<\/li>\n\n\n\n<li>Laura Gonz\u00e1lez (332)<\/li>\n\n\n\n<li>Marifer Madla (333)<\/li>\n\n\n\n<li>Melissa Navarro (334)<\/li>\n\n\n\n<li>Belinda Puentes (335)<\/li>\n\n\n\n<li>Yesenia Reyes (336)<\/li>\n\n\n\n<li>Yahaira Rodr\u00edguez (337)<\/li>\n\n\n\n<li>Graciela Terrazas (338)<\/li>\n<\/ul>\n<\/li>\n<\/ul>\n\n\n\n<figure class=\"wp-block-image size-full\"><a href=\"https:\/\/vinyasayoga.mx\/wp-content\/uploads\/2023\/11\/TT200-2019-Monterrey.jpg\"><img loading=\"lazy\" decoding=\"async\" width=\"960\" height=\"720\" src=\"https:\/\/vinyasayoga.mx\/wp-content\/uploads\/2023\/11\/TT200-2019-Monterrey.jpg\" alt=\"\" class=\"wp-image-2781\" srcset=\"https:\/\/vinyasayoga.mx\/wp-content\/uploads\/2023\/11\/TT200-2019-Monterrey.jpg 960w, https:\/\/vinyasayoga.mx\/wp-content\/uploads\/2023\/11\/TT200-2019-Monterrey-300x225.jpg 300w, https:\/\/vinyasayoga.mx\/wp-content\/uploads\/2023\/11\/TT200-2019-Monterrey-768x576.jpg 768w\" sizes=\"auto, (max-width: 960px) 100vw, 960px\" \/><\/a><\/figure>\n\n\n\n<p class=\"has-text-align-center has-large-font-size\"><strong>2020<\/strong><\/p>\n\n\n\n<ul class=\"wp-block-list\">\n<li><strong><strong>200 horas TT \u2013 GENERACI\u00d3N XLVIII \u2013 <\/strong>El<strong>o<\/strong>norte <strong>Programa Modular<\/strong><\/strong>\n<ul class=\"wp-block-list\">\n<li>Josu\u00e9 Badillo (339)<\/li>\n\n\n\n<li>Ximena Collado (340)<\/li>\n\n\n\n<li>M\u00f3nica De la Pe\u00f1a (341)<\/li>\n\n\n\n<li>Regina Franco (342)<\/li>\n\n\n\n<li>Silvia Hern\u00e1ndez (343)<\/li>\n\n\n\n<li>Hayd\u00e9 Li\u00f1\u00e1n (344)<\/li>\n\n\n\n<li>Denisse Mart\u00ednez (345)<\/li>\n\n\n\n<li>Fernanda Moreno (346)<\/li>\n\n\n\n<li>Magaly Muci\u00f1o (347)<\/li>\n\n\n\n<li>C\u00e9sar Orozco (348)<\/li>\n\n\n\n<li>Olga Pererva (349)<\/li>\n\n\n\n<li>Lisset Sol\u00eds (350)<\/li>\n\n\n\n<li>Marlen Tenango (351)<\/li>\n\n\n\n<li>M\u00f3nica Villag\u00f3mez (352)<\/li>\n<\/ul>\n<\/li>\n<\/ul>\n\n\n\n<figure class=\"wp-block-image size-large\"><a href=\"https:\/\/vinyasayoga.mx\/wp-content\/uploads\/2023\/11\/TT200-2020-Leon.jpeg\"><img loading=\"lazy\" decoding=\"async\" width=\"1024\" height=\"799\" src=\"https:\/\/vinyasayoga.mx\/wp-content\/uploads\/2023\/11\/TT200-2020-Leon-1024x799.jpeg\" alt=\"\" class=\"wp-image-3040\" srcset=\"https:\/\/vinyasayoga.mx\/wp-content\/uploads\/2023\/11\/TT200-2020-Leon-1024x799.jpeg 1024w, https:\/\/vinyasayoga.mx\/wp-content\/uploads\/2023\/11\/TT200-2020-Leon-300x234.jpeg 300w, https:\/\/vinyasayoga.mx\/wp-content\/uploads\/2023\/11\/TT200-2020-Leon-768x599.jpeg 768w, https:\/\/vinyasayoga.mx\/wp-content\/uploads\/2023\/11\/TT200-2020-Leon.jpeg 1170w\" sizes=\"auto, (max-width: 1024px) 100vw, 1024px\" \/><\/a><\/figure>\n\n\n\n<ul class=\"wp-block-list\">\n<li><strong>300 horas Avanzado<\/strong> <strong>TT \u2013 GENERACI\u00d3N XIII \u2013 Programa Modular Xalapa<\/strong>\n<ul class=\"wp-block-list\">\n<li>M\u00f3nica \u00c1valos (29)<\/li>\n\n\n\n<li>Lourdes Cerrillo (30)<\/li>\n\n\n\n<li>Dainiz Hern\u00e1ndez (31)<\/li>\n\n\n\n<li>Claudia J\u00e1uregui (32)<\/li>\n\n\n\n<li>\u00darsula L\u00f3pez (33)<\/li>\n\n\n\n<li>Melissa Lozano (34)<\/li>\n\n\n\n<li>Grizel Mara\u00f1\u00f3n (35)<\/li>\n\n\n\n<li>Isis Montemayor (36)<\/li>\n\n\n\n<li>Berta Murrieta (37)<\/li>\n\n\n\n<li>Erika Paul (38)<\/li>\n<\/ul>\n<\/li>\n<\/ul>\n\n\n\n<figure class=\"wp-block-image size-full\"><a href=\"https:\/\/vinyasayoga.mx\/wp-content\/uploads\/2023\/11\/ATT300-2020-Xalapa-1.jpg\"><img loading=\"lazy\" decoding=\"async\" width=\"1024\" height=\"768\" src=\"https:\/\/vinyasayoga.mx\/wp-content\/uploads\/2023\/11\/ATT300-2020-Xalapa-1.jpg\" alt=\"\" class=\"wp-image-3054\" srcset=\"https:\/\/vinyasayoga.mx\/wp-content\/uploads\/2023\/11\/ATT300-2020-Xalapa-1.jpg 1024w, https:\/\/vinyasayoga.mx\/wp-content\/uploads\/2023\/11\/ATT300-2020-Xalapa-1-300x225.jpg 300w, https:\/\/vinyasayoga.mx\/wp-content\/uploads\/2023\/11\/ATT300-2020-Xalapa-1-768x576.jpg 768w\" sizes=\"auto, (max-width: 1024px) 100vw, 1024px\" \/><\/a><\/figure>\n\n\n\n<ul class=\"wp-block-list\">\n<li><strong><strong>200 horas TT \u2013 GENERACI\u00d3N XLIX \u2013 <\/strong>Mexicali <strong>Programa Modular<\/strong><\/strong>\n<ul class=\"wp-block-list\">\n<li>Francelia Acosta (353)<\/li>\n\n\n\n<li>Nidya Araujo (354)<\/li>\n\n\n\n<li>Adriana \u00c1vila (355)<\/li>\n\n\n\n<li>Jess\u00e9 Cervantes (356)<\/li>\n\n\n\n<li>Arusame Ch\u00e1vez (357)<\/li>\n\n\n\n<li>Alejandra Cubillas (358)<\/li>\n\n\n\n<li>Armando Estrada (359)<\/li>\n\n\n\n<li>Melissa Gonz\u00e1lez (360)<\/li>\n\n\n\n<li>Enrique L\u00f3pez (361)<\/li>\n\n\n\n<li>Amy Mercado (362)<\/li>\n\n\n\n<li>Miriam Mora (363)<\/li>\n\n\n\n<li>Viridiana Ponce (364)<\/li>\n\n\n\n<li>Cassandra Valenzuela (365)<\/li>\n<\/ul>\n<\/li>\n<\/ul>\n\n\n\n<figure class=\"wp-block-image size-full\"><a href=\"https:\/\/vinyasayoga.mx\/wp-content\/uploads\/2023\/11\/TT200-2020-Mexicali.jpeg\"><img loading=\"lazy\" decoding=\"async\" width=\"720\" height=\"461\" src=\"https:\/\/vinyasayoga.mx\/wp-content\/uploads\/2023\/11\/TT200-2020-Mexicali.jpeg\" alt=\"\" class=\"wp-image-3043\" srcset=\"https:\/\/vinyasayoga.mx\/wp-content\/uploads\/2023\/11\/TT200-2020-Mexicali.jpeg 720w, https:\/\/vinyasayoga.mx\/wp-content\/uploads\/2023\/11\/TT200-2020-Mexicali-300x192.jpeg 300w\" sizes=\"auto, (max-width: 720px) 100vw, 720px\" \/><\/a><\/figure>\n\n\n\n<ul class=\"wp-block-list\">\n<li><strong><strong>200 horas TT \u2013 GENERACI\u00d3N L \u2013 <\/strong>Acayucan <strong>Programa Modular<\/strong><\/strong>\n<ul class=\"wp-block-list\">\n<li>Nuvia Acosta (366)<\/li>\n\n\n\n<li>Edy Cristian (367)<\/li>\n\n\n\n<li>Yana Jim\u00e9nez (368)<\/li>\n\n\n\n<li>Ana Laura Ortega (369)<\/li>\n<\/ul>\n<\/li>\n<\/ul>\n\n\n\n\n\n<ul class=\"wp-block-list\">\n<li><strong>300 horas Avanzado<\/strong> <strong>TT \u2013 GENERACI\u00d3N XIV \u2013 Programa Modular de Guadalajara<\/strong>\n<ul class=\"wp-block-list\">\n<li>Beatriz Aldana (39)<\/li>\n\n\n\n<li>Regina Arce (40)<\/li>\n\n\n\n<li>Anel Garc\u00eda (41)<\/li>\n\n\n\n<li>D\u00e9borah Lemle (42)<\/li>\n\n\n\n<li>Greta P\u00e9rez (43)<\/li>\n\n\n\n<li>Ana Sof\u00eda Rosas (44)<\/li>\n\n\n\n<li>Alma Torres (45)<\/li>\n<\/ul>\n<\/li>\n<\/ul>\n\n\n\n<figure class=\"wp-block-image size-large\"><a href=\"https:\/\/vinyasayoga.mx\/wp-content\/uploads\/2023\/11\/image-7.png\"><img loading=\"lazy\" decoding=\"async\" width=\"768\" height=\"1024\" src=\"https:\/\/vinyasayoga.mx\/wp-content\/uploads\/2023\/11\/image-7-768x1024.png\" alt=\"\" class=\"wp-image-3013\" srcset=\"https:\/\/vinyasayoga.mx\/wp-content\/uploads\/2023\/11\/image-7-768x1024.png 768w, https:\/\/vinyasayoga.mx\/wp-content\/uploads\/2023\/11\/image-7-225x300.png 225w, https:\/\/vinyasayoga.mx\/wp-content\/uploads\/2023\/11\/image-7.png 960w\" sizes=\"auto, (max-width: 768px) 100vw, 768px\" \/><\/a><\/figure>\n\n\n\n<p class=\"has-text-align-center has-large-font-size\"><strong>2021<\/strong><\/p>\n\n\n\n<ul class=\"wp-block-list\">\n<li><strong>300 horas Avanzado<\/strong> <strong>TT \u2013 GENERACI\u00d3N XV \u2013 Programa Intensivo Tulum<\/strong>\n<ul class=\"wp-block-list\">\n<li>Lorena B\u00e1ez (46)<\/li>\n\n\n\n<li>Taz Burmeister (47)<\/li>\n\n\n\n<li>Xenia Carre\u00f3n (48)<\/li>\n\n\n\n<li>Charlotte Goodhew (49)<\/li>\n\n\n\n<li>Natasha Haddad (50)<\/li>\n\n\n\n<li>Gladys Leal (51)<\/li>\n\n\n\n<li>Will Loughrin (52)<\/li>\n\n\n\n<li>Felicia Lubertazzi (53)<\/li>\n\n\n\n<li>Egle Ragaisyte (54)<\/li>\n<\/ul>\n<\/li>\n<\/ul>\n\n\n\n<figure class=\"wp-block-image size-full\"><a href=\"https:\/\/vinyasayoga.mx\/wp-content\/uploads\/2023\/11\/image-11.png\"><img loading=\"lazy\" decoding=\"async\" width=\"960\" height=\"960\" src=\"https:\/\/vinyasayoga.mx\/wp-content\/uploads\/2023\/11\/image-11.png\" alt=\"\" class=\"wp-image-3023\" srcset=\"https:\/\/vinyasayoga.mx\/wp-content\/uploads\/2023\/11\/image-11.png 960w, https:\/\/vinyasayoga.mx\/wp-content\/uploads\/2023\/11\/image-11-300x300.png 300w, https:\/\/vinyasayoga.mx\/wp-content\/uploads\/2023\/11\/image-11-150x150.png 150w, https:\/\/vinyasayoga.mx\/wp-content\/uploads\/2023\/11\/image-11-768x768.png 768w\" sizes=\"auto, (max-width: 960px) 100vw, 960px\" \/><\/a><\/figure>\n\n\n\n<ul class=\"wp-block-list\">\n<li><strong><strong>200 horas TT \u2013 GENERACI\u00d3N LI \u2013 <\/strong>Tulum intensivo<strong> Programa<\/strong><\/strong>\n<ul class=\"wp-block-list\">\n<li>Jennifer Addens (370)<\/li>\n\n\n\n<li>Xenia Carre\u00f3n (371)<\/li>\n\n\n\n<li>Sarah Hursey (372)<\/li>\n\n\n\n<li>Grace Monte Calvo (373)<\/li>\n\n\n\n<li>Ali Pezeshki (374)<\/li>\n\n\n\n<li>Katarina Pfeiffer (375)<\/li>\n\n\n\n<li>Jill Reyes (376)<\/li>\n\n\n\n<li>Amy Sindorf (377)<\/li>\n\n\n\n<li>Kelsey Welch (378)<\/li>\n<\/ul>\n<\/li>\n<\/ul>\n\n\n\n<figure class=\"wp-block-image size-full\"><a href=\"https:\/\/vinyasayoga.mx\/wp-content\/uploads\/2023\/11\/image-12.png\"><img loading=\"lazy\" decoding=\"async\" width=\"960\" height=\"540\" src=\"https:\/\/vinyasayoga.mx\/wp-content\/uploads\/2023\/11\/image-12.png\" alt=\"\" class=\"wp-image-3024\" srcset=\"https:\/\/vinyasayoga.mx\/wp-content\/uploads\/2023\/11\/image-12.png 960w, https:\/\/vinyasayoga.mx\/wp-content\/uploads\/2023\/11\/image-12-300x169.png 300w, https:\/\/vinyasayoga.mx\/wp-content\/uploads\/2023\/11\/image-12-768x432.png 768w\" sizes=\"auto, (max-width: 960px) 100vw, 960px\" \/><\/a><\/figure>\n\n\n\n<ul class=\"wp-block-list\">\n<li><strong>300 horas Avanzado<\/strong> <strong>TT \u2013 GENERACI\u00d3N XVI \u2013 Programa Intensivo Tulum<\/strong>\n<ul class=\"wp-block-list\">\n<li>Malou Borntrager (55)<\/li>\n\n\n\n<li>Gabriela del Mar Camarillo (56)<\/li>\n\n\n\n<li>Milena Hirsiger (57)<\/li>\n\n\n\n<li>Ina Hoffrogge (58)<\/li>\n\n\n\n<li>Priska Luthy (59)<\/li>\n\n\n\n<li>Elisei Rusu (60)<\/li>\n\n\n\n<li>Molly Schmidt (61)<\/li>\n\n\n\n<li>Amy Sindorf (62)<\/li>\n<\/ul>\n<\/li>\n<\/ul>\n\n\n\n<figure class=\"wp-block-image size-large\"><a href=\"https:\/\/vinyasayoga.mx\/wp-content\/uploads\/2023\/11\/image-13.png\"><img loading=\"lazy\" decoding=\"async\" width=\"1024\" height=\"768\" src=\"https:\/\/vinyasayoga.mx\/wp-content\/uploads\/2023\/11\/image-13-1024x768.png\" alt=\"\" class=\"wp-image-3025\" srcset=\"https:\/\/vinyasayoga.mx\/wp-content\/uploads\/2023\/11\/image-13-1024x768.png 1024w, https:\/\/vinyasayoga.mx\/wp-content\/uploads\/2023\/11\/image-13-300x225.png 300w, https:\/\/vinyasayoga.mx\/wp-content\/uploads\/2023\/11\/image-13-768x576.png 768w, https:\/\/vinyasayoga.mx\/wp-content\/uploads\/2023\/11\/image-13-1536x1152.png 1536w, https:\/\/vinyasayoga.mx\/wp-content\/uploads\/2023\/11\/image-13-1568x1176.png 1568w, https:\/\/vinyasayoga.mx\/wp-content\/uploads\/2023\/11\/image-13.png 1600w\" sizes=\"auto, (max-width: 1024px) 100vw, 1024px\" \/><\/a><\/figure>\n\n\n\n<ul class=\"wp-block-list\">\n<li><strong><strong>200 horas TT \u2013 GENERACI\u00d3N LII \u2013 <\/strong>El<strong>o<\/strong>norte <strong>Programa Modular<\/strong><\/strong>\n<ul class=\"wp-block-list\">\n<li>Christian Alc\u00e1ntar (379)<\/li>\n\n\n\n<li>Paulina Calleja (380)<\/li>\n\n\n\n<li>Berenice El\u00edas (381)<\/li>\n\n\n\n<li>Mar\u00eda Montserrat F\u00e9rez (382)<\/li>\n\n\n\n<li>Mar\u00eda Paula Flores (383)<\/li>\n\n\n\n<li>Mariana Funes (384)<\/li>\n\n\n\n<li>Andrea Guill\u00e9n (385)<\/li>\n\n\n\n<li>Mariana Hern\u00e1ndez (386)<\/li>\n\n\n\n<li>Martha Hern\u00e1ndez (387)<\/li>\n\n\n\n<li>Giselle Mendoza (388)<\/li>\n\n\n\n<li>Vianey Mendoza (389)<\/li>\n\n\n\n<li>Mar\u00eda Alejandra Padilla (390)<\/li>\n\n\n\n<li>Lizbeth P\u00e9rez (391)<\/li>\n\n\n\n<li>Viridiana Ram\u00edrez (392)<\/li>\n\n\n\n<li>Diana Soria (393)<\/li>\n<\/ul>\n<\/li>\n<\/ul>\n\n\n\n\n\n<ul class=\"wp-block-list\">\n<li><strong><strong>200 horas TT \u2013 GENERACI\u00d3N LIII \u2013 <\/strong>Tulum intensivo<strong> Programa<\/strong><\/strong>\n<ul class=\"wp-block-list\">\n<li>A\u00edda Cancino (394)<\/li>\n\n\n\n<li>Claire Hern\u00e1ndez (395)<\/li>\n\n\n\n<li>Morgan Jastak (396)<\/li>\n\n\n\n<li>Mauro Mart\u00edn (397)<\/li>\n\n\n\n<li>Gretka Milkovik (398)<\/li>\n\n\n\n<li>Elena Milmo (399)<\/li>\n\n\n\n<li>Cosima Wahl (400)<\/li>\n<\/ul>\n<\/li>\n<\/ul>\n\n\n\n<figure class=\"wp-block-image size-large\"><a href=\"https:\/\/vinyasayoga.mx\/wp-content\/uploads\/2023\/11\/TT200-2022-Ene-Tulum.jpeg\"><img loading=\"lazy\" decoding=\"async\" width=\"1024\" height=\"768\" src=\"https:\/\/vinyasayoga.mx\/wp-content\/uploads\/2023\/11\/TT200-2022-Ene-Tulum-1024x768.jpeg\" alt=\"\" class=\"wp-image-3027\" srcset=\"https:\/\/vinyasayoga.mx\/wp-content\/uploads\/2023\/11\/TT200-2022-Ene-Tulum-1024x768.jpeg 1024w, https:\/\/vinyasayoga.mx\/wp-content\/uploads\/2023\/11\/TT200-2022-Ene-Tulum-300x225.jpeg 300w, https:\/\/vinyasayoga.mx\/wp-content\/uploads\/2023\/11\/TT200-2022-Ene-Tulum-768x576.jpeg 768w, https:\/\/vinyasayoga.mx\/wp-content\/uploads\/2023\/11\/TT200-2022-Ene-Tulum.jpeg 1280w\" sizes=\"auto, (max-width: 1024px) 100vw, 1024px\" \/><\/a><\/figure>\n\n\n\n<p class=\"has-text-align-center has-large-font-size\"><strong>2022<\/strong><\/p>\n\n\n\n<ul class=\"wp-block-list\">\n<li><strong><strong>200 horas TT \u2013 GENERACI\u00d3N LIV \u2013 <\/strong>Tulum intensivo<strong> Programa<\/strong><\/strong>\n<ul class=\"wp-block-list\">\n<li>Isabel Ch\u00e1vez (401)<\/li>\n\n\n\n<li>Mar\u00eda Hamrick (402)<\/li>\n\n\n\n<li>Dania Kaddah (403)<\/li>\n\n\n\n<li>Alicja Lukasiewicz (404)<\/li>\n\n\n\n<li>David Mailhot (405)<\/li>\n\n\n\n<li>Daniela Schmill (406)<\/li>\n\n\n\n<li>Olivier Sens (407)<\/li>\n\n\n\n<li>Amy Shafer (408)<\/li>\n\n\n\n<li>Rianne Sipkens (409)<\/li>\n<\/ul>\n<\/li>\n<\/ul>\n\n\n\n<figure class=\"wp-block-image size-large\"><a href=\"https:\/\/vinyasayoga.mx\/wp-content\/uploads\/2023\/11\/TT200-2022-Ene-Tulum-1.jpeg\"><img loading=\"lazy\" decoding=\"async\" width=\"1024\" height=\"768\" src=\"https:\/\/vinyasayoga.mx\/wp-content\/uploads\/2023\/11\/TT200-2022-Ene-Tulum-1-1024x768.jpeg\" alt=\"\" class=\"wp-image-3028\" srcset=\"https:\/\/vinyasayoga.mx\/wp-content\/uploads\/2023\/11\/TT200-2022-Ene-Tulum-1-1024x768.jpeg 1024w, https:\/\/vinyasayoga.mx\/wp-content\/uploads\/2023\/11\/TT200-2022-Ene-Tulum-1-300x225.jpeg 300w, https:\/\/vinyasayoga.mx\/wp-content\/uploads\/2023\/11\/TT200-2022-Ene-Tulum-1-768x576.jpeg 768w, https:\/\/vinyasayoga.mx\/wp-content\/uploads\/2023\/11\/TT200-2022-Ene-Tulum-1-1536x1152.jpeg 1536w, https:\/\/vinyasayoga.mx\/wp-content\/uploads\/2023\/11\/TT200-2022-Ene-Tulum-1-1568x1176.jpeg 1568w, https:\/\/vinyasayoga.mx\/wp-content\/uploads\/2023\/11\/TT200-2022-Ene-Tulum-1.jpeg 1600w\" sizes=\"auto, (max-width: 1024px) 100vw, 1024px\" \/><\/a><\/figure>\n\n\n\n<ul class=\"wp-block-list\">\n<li><strong><strong>200 horas TT \u2013 GENERACI\u00d3N LV \u2013 <\/strong>Tulum intensivo<strong> Programa<\/strong><\/strong>\n<ul class=\"wp-block-list\">\n<li>Sof\u00eda Beshoff (410)<\/li>\n\n\n\n<li>Yoann Bourdonais (411)<\/li>\n\n\n\n<li>Elise Dugua (412)<\/li>\n\n\n\n<li>Kacee Dwyer (413)<\/li>\n\n\n\n<li>Carlos Hern\u00e1ndez (414)<\/li>\n\n\n\n<li>Clementina Neret-minet (415)<\/li>\n\n\n\n<li>Amy Riley (416)<\/li>\n\n\n\n<li>Val Salvetti (417)<\/li>\n\n\n\n<li>Sarah Scharosch (418) <\/li>\n<\/ul>\n<\/li>\n<\/ul>\n\n\n\n<figure class=\"wp-block-image size-large\"><a href=\"https:\/\/vinyasayoga.mx\/wp-content\/uploads\/2023\/11\/TT200-2022-Mar-Tulum.jpeg\"><img loading=\"lazy\" decoding=\"async\" width=\"1024\" height=\"537\" src=\"https:\/\/vinyasayoga.mx\/wp-content\/uploads\/2023\/11\/TT200-2022-Mar-Tulum-1024x537.jpeg\" alt=\"\" class=\"wp-image-3029\" srcset=\"https:\/\/vinyasayoga.mx\/wp-content\/uploads\/2023\/11\/TT200-2022-Mar-Tulum-1024x537.jpeg 1024w, https:\/\/vinyasayoga.mx\/wp-content\/uploads\/2023\/11\/TT200-2022-Mar-Tulum-300x157.jpeg 300w, https:\/\/vinyasayoga.mx\/wp-content\/uploads\/2023\/11\/TT200-2022-Mar-Tulum-768x402.jpeg 768w, https:\/\/vinyasayoga.mx\/wp-content\/uploads\/2023\/11\/TT200-2022-Mar-Tulum.jpeg 1080w\" sizes=\"auto, (max-width: 1024px) 100vw, 1024px\" \/><\/a><\/figure>\n\n\n\n<ul class=\"wp-block-list\">\n<li><strong><strong>200 horas TT \u2013 GENERACI\u00d3N LVI \u2013 <\/strong>El<strong>o<\/strong>norte <strong>Programa Modular<\/strong><\/strong><\/li>\n\n\n\n<li><\/li>\n<\/ul>\n\n\n\n\n\n<ul class=\"wp-block-list\">\n<li><strong>300 horas Avanzado<\/strong> <strong>TT \u2013 GENERACI\u00d3N XVII \u2013 Programa Intensivo Tulum<\/strong>\n<ul class=\"wp-block-list\">\n<li>Maxime D\u00fccker (63)<\/li>\n\n\n\n<li>Kennady Ritter (64)<\/li>\n<\/ul>\n<\/li>\n<\/ul>\n\n\n\n<p class=\"has-text-align-center has-large-font-size\"><strong>2023<\/strong><\/p>\n\n\n\n<ul class=\"wp-block-list\">\n<li><strong>300 horas Avanzado<\/strong> <strong>TT \u2013 GENERACI\u00d3N XVIII \u2013 Programa Modular Monterrey<\/strong>\n<ul class=\"wp-block-list\">\n<li>Yeram Berber (65) *<\/li>\n\n\n\n<li>Montserrat Carrillo (66)<\/li>\n\n\n\n<li>Lorena De la Garza (67)<\/li>\n\n\n\n<li>Alejandra Garza (68)<\/li>\n\n\n\n<li>Lizbet Gonz\u00e1lez (69)<\/li>\n\n\n\n<li>Sergio Morales (70) *<\/li>\n\n\n\n<li>Martha P\u00e9rez (71) *<\/li>\n<\/ul>\n<\/li>\n<\/ul>\n\n\n\n<figure class=\"wp-block-image size-full\"><a href=\"https:\/\/vinyasayoga.mx\/wp-content\/uploads\/2023\/11\/ATT300-2023-Monterrey.jpg\"><img loading=\"lazy\" decoding=\"async\" width=\"518\" height=\"600\" src=\"https:\/\/vinyasayoga.mx\/wp-content\/uploads\/2023\/11\/ATT300-2023-Monterrey.jpg\" alt=\"\" class=\"wp-image-3036\" srcset=\"https:\/\/vinyasayoga.mx\/wp-content\/uploads\/2023\/11\/ATT300-2023-Monterrey.jpg 518w, https:\/\/vinyasayoga.mx\/wp-content\/uploads\/2023\/11\/ATT300-2023-Monterrey-259x300.jpg 259w\" sizes=\"auto, (max-width: 518px) 100vw, 518px\" \/><\/a><\/figure>\n\n\n\n<ul class=\"wp-block-list\">\n<li><strong>300 horas Avanzado<\/strong> <strong>TT \u2013 GENERACI\u00d3N XVIII \u2013 Programa Modular Monterrey (en l\u00ednea)<\/strong>\n<ul class=\"wp-block-list\">\n<li>Alexis Ben\u00edtez (72) *<\/li>\n\n\n\n<li>Alel\u00ed Gonz\u00e1lez (73) *<\/li>\n\n\n\n<li>Lourdes Ojeda (74) *<\/li>\n<\/ul>\n<\/li>\n<\/ul>\n\n\n\n<h2 class=\"wp-block-heading\"><strong>2023<\/strong><\/h2>\n\n\n\n<figure class=\"wp-block-image size-large\"><a href=\"https:\/\/vinyasayoga.mx\/wp-content\/uploads\/2025\/01\/20231217_181456-scaled.jpg\"><img loading=\"lazy\" decoding=\"async\" width=\"1024\" height=\"768\" src=\"https:\/\/vinyasayoga.mx\/wp-content\/uploads\/2025\/01\/20231217_181456-1024x768.jpg\" alt=\"\" class=\"wp-image-3122\" srcset=\"https:\/\/vinyasayoga.mx\/wp-content\/uploads\/2025\/01\/20231217_181456-1024x768.jpg 1024w, https:\/\/vinyasayoga.mx\/wp-content\/uploads\/2025\/01\/20231217_181456-300x225.jpg 300w, https:\/\/vinyasayoga.mx\/wp-content\/uploads\/2025\/01\/20231217_181456-768x576.jpg 768w, https:\/\/vinyasayoga.mx\/wp-content\/uploads\/2025\/01\/20231217_181456-1536x1152.jpg 1536w, https:\/\/vinyasayoga.mx\/wp-content\/uploads\/2025\/01\/20231217_181456-2048x1536.jpg 2048w\" sizes=\"auto, (max-width: 1024px) 100vw, 1024px\" \/><\/a><\/figure>\n\n\n\n<ul class=\"wp-block-list\">\n<li><strong><strong>200 horas TT \u2013 GENERACI\u00d3N LVII \u2013 <\/strong>Monterrey <strong>Programa Modular<\/strong><\/strong><\/li>\n\n\n\n<li>Laura Arias (419)<\/li>\n\n\n\n<li>Andrea Baz\u00e1n (420)<\/li>\n\n\n\n<li>Yeram Berber (421)<\/li>\n\n\n\n<li>Mariana Lozano (422)<\/li>\n\n\n\n<li>Sergio Morales (423)<\/li>\n\n\n\n<li>Vanessa Sauceda (424)<\/li>\n\n\n\n<li>Carlos Soto (425)<\/li>\n<\/ul>\n\n\n\n<h2 class=\"wp-block-heading\">2024<\/h2>\n\n\n\n<figure class=\"wp-block-image size-large\"><a href=\"https:\/\/vinyasayoga.mx\/wp-content\/uploads\/2025\/01\/IMG-20241215-WA0071.jpg\"><img loading=\"lazy\" decoding=\"async\" width=\"1024\" height=\"1024\" src=\"https:\/\/vinyasayoga.mx\/wp-content\/uploads\/2025\/01\/IMG-20241215-WA0071-1024x1024.jpg\" alt=\"\" class=\"wp-image-3123\" srcset=\"https:\/\/vinyasayoga.mx\/wp-content\/uploads\/2025\/01\/IMG-20241215-WA0071-1024x1024.jpg 1024w, https:\/\/vinyasayoga.mx\/wp-content\/uploads\/2025\/01\/IMG-20241215-WA0071-300x300.jpg 300w, https:\/\/vinyasayoga.mx\/wp-content\/uploads\/2025\/01\/IMG-20241215-WA0071-150x150.jpg 150w, https:\/\/vinyasayoga.mx\/wp-content\/uploads\/2025\/01\/IMG-20241215-WA0071-768x768.jpg 768w, https:\/\/vinyasayoga.mx\/wp-content\/uploads\/2025\/01\/IMG-20241215-WA0071.jpg 1280w\" sizes=\"auto, (max-width: 1024px) 100vw, 1024px\" \/><\/a><\/figure>\n\n\n\n<ul class=\"wp-block-list\">\n<li><strong><strong>200 horas TT \u2013 GENERACI\u00d3N LVIII \u2013 <\/strong>Monterrey <strong>Programa Modular<\/strong><\/strong><\/li>\n\n\n\n<li>Lizbet Gonz\u00e1lez (426)<\/li>\n\n\n\n<li>Daryan Canizales (427)<\/li>\n\n\n\n<li>Jeanett Mu\u00f1oz (428)<\/li>\n\n\n\n<li>Yolanda Jaramillo (429)<\/li>\n\n\n\n<li>Lucero Guerrero (430)<\/li>\n\n\n\n<li>Luis Manzur (431)<\/li>\n\n\n\n<li>Tanya Cabrera (432)<\/li>\n\n\n\n<li>Frida Arreola (433)<\/li>\n<\/ul>","protected":false},"excerpt":{"rendered":"<p>Estos son los docentes egresados de nuestros programas: 2009 2010 2011 2012 2013 2014 2015 2016 2017 2018 2019 2020 2021 2022 2023 2023 2024<\/p>","protected":false},"author":1,"featured_media":0,"parent":0,"menu_order":0,"comment_status":"closed","ping_status":"closed","template":"","meta":{"footnotes":""},"class_list":["post-366","page","type-page","status-publish","hentry"],"_links":{"self":[{"href":"https:\/\/vinyasayoga.mx\/es\/wp-json\/wp\/v2\/pages\/366","targetHints":{"allow":["GET"]}}],"collection":[{"href":"https:\/\/vinyasayoga.mx\/es\/wp-json\/wp\/v2\/pages"}],"about":[{"href":"https:\/\/vinyasayoga.mx\/es\/wp-json\/wp\/v2\/types\/page"}],"author":[{"embeddable":true,"href":"https:\/\/vinyasayoga.mx\/es\/wp-json\/wp\/v2\/users\/1"}],"replies":[{"embeddable":true,"href":"https:\/\/vinyasayoga.mx\/es\/wp-json\/wp\/v2\/comments?post=366"}],"version-history":[{"count":96,"href":"https:\/\/vinyasayoga.mx\/es\/wp-json\/wp\/v2\/pages\/366\/revisions"}],"predecessor-version":[{"id":3124,"href":"https:\/\/vinyasayoga.mx\/es\/wp-json\/wp\/v2\/pages\/366\/revisions\/3124"}],"wp:attachment":[{"href":"https:\/\/vinyasayoga.mx\/es\/wp-json\/wp\/v2\/media?parent=366"}],"curies":[{"name":"wp","href":"https:\/\/api.w.org\/{rel}","templated":true}]}}